{"id":123,"date":"2015-06-02T13:33:16","date_gmt":"2015-06-02T17:33:16","guid":{"rendered":"https:\/\/afpinclusivegiving.ca.php53-25.ord1-1.websitetestlink.com\/?page_id=123"},"modified":"2019-04-08T10:35:59","modified_gmt":"2019-04-08T14:35:59","slug":"ressources","status":"publish","type":"page","link":"https:\/\/afpinclusivegiving.ca\/fr\/ressources\/","title":{"rendered":"Ressources"},"content":{"rendered":"<div class=\"wpb-content-wrapper\"><p>[vc_row][vc_column]\t<style type=\"text\/css\">\n\t\t.svc_categories_filter_512 li a{color:#666666 !important;border:1px solid #666666 !important;}\n\t\t.svc_categories_filter_512 li a.active{color:#ffffff !important;background:#065496 !important;}\n\t\t\/*for dropdown start*\/\n\t\t#svc_categories_filter_5120 .dd-select,\n\t#svc_categories_filter_5121 .dd-select,\n\t#svc_categories_filter_5122 .dd-select,\n\t#svc_categories_filter_5123 .dd-select,\n\t#svc_categories_filter_5124 .dd-select{border-color:#065496 !important;background:#065496 !important;}\n\t.svc_sort_div_512{background:#065496 !important;}\n\t\t#svc_categories_filter_5120 .dd-pointer.dd-pointer-down,\n\t#svc_categories_filter_5121 .dd-pointer.dd-pointer-down,\n\t#svc_categories_filter_5122 .dd-pointer.dd-pointer-down,\n\t#svc_categories_filter_5123 .dd-pointer.dd-pointer-down,\n\t#svc_categories_filter_5124 .dd-pointer.dd-pointer-down{border-color:#ffffff transparent transparent !important;}\n\t#svc_categories_filter_5120 .dd-pointer.dd-pointer-down.dd-pointer-up,\n\t#svc_categories_filter_5121 .dd-pointer.dd-pointer-down.dd-pointer-up,\n\t#svc_categories_filter_5122 .dd-pointer.dd-pointer-down.dd-pointer-up,\n\t#svc_categories_filter_5123 .dd-pointer.dd-pointer-down.dd-pointer-up,\n\t#svc_categories_filter_5124 .dd-pointer.dd-pointer-down.dd-pointer-up{border-color:transparent transparent #ffffff !important;}\n\t#svc_categories_filter_5120 .dd-selected,\n\t#svc_categories_filter_5121 .dd-selected,\n\t#svc_categories_filter_5122 .dd-selected,\n\t#svc_categories_filter_5123 .dd-selected,\n\t#svc_categories_filter_5124 .dd-selected{color:#ffffff !important;}\n\t.svc_sort_div_512,.svc_sort_div_512 a{color:#ffffff !important;}\n\t\t\/*for dropdown end*\/\n\t\tdiv.svc_post_grid_512 article{ background: !important;}\n\tdiv.svc_post_grid_512 article:hover{ background: !important;}\n\t\t\tdiv.svc_post_grid_512 article{border-top: 5px solid #fdb827 !important;}\n\t\tdiv.svc_post_grid_512 article section p a.svc_title{color: !important;}\n\tdiv.svc_post_grid_512 article section p a.svc_title:hover{color: !important;}\n\t\tnav.svc_infinite_512 div.loading-spinner .ui-spinner .side .fill{ background: !important;}\n\t\t<\/style>\n\t<div class=\"svc_post_grid_list \">\n\t\t<div class=\"svc_mask \" id=\"svc_mask_512\">\n\t\t<div id=\"loader\"><\/div>\n\t<\/div>\n\n\t<div class=\"svc_post_grid_list_container \" id=\"svc_post_grid_list_container_512\">\n\t        <div class=\"svc_filter_main_div\">\n        \t\t\n        <\/div>\n        \t<div class=\"svc_post_grid svc_post_grid_s4 svc_post_grid_512 \" id=\"svc_post_grid_512\">\n\t\t\t<article class=\"element-item svc-col-md-4 svc-col-sm-6 svc-col-xs-12 \" svc-animation=\"\" sort=\"\">\n\t\t\t\t  <section>\n\t\t\t<p><a href=\"https:\/\/afpinclusivegiving.ca\/fr\/resource\/inciter-de-nouvelles-communautes-sengager-en-philanthropie-axee-sur-les-soins-de-sante-diversification-de-la-gouvernance-des-conseils-dadministration-et-des-donateurs\/\" target=\"_self\" class=\"svc_title\">INCITER DE NOUVELLES COMMUNAUT\u00c9S \u00c0 S\u2019ENGAGER EN PHILANTHROPIE AX\u00c9E SUR LES SOINS DE SANT\u00c9 : DIVERSIFICATION DE LA GOUVERNANCE DES CONSEILS D\u2019ADMINISTRATION ET DES DONATEURS<\/a><\/p>\n\t\t\t            <p class=\"svc_read_more_p\"><a href=\"https:\/\/afpinclusivegiving.ca\/fr\/resource\/inciter-de-nouvelles-communautes-sengager-en-philanthropie-axee-sur-les-soins-de-sante-diversification-de-la-gouvernance-des-conseils-dadministration-et-des-donateurs\/\" class=\"svc_read_more\" target=\"_self\">\n\t\t\tRead More<\/a><\/p>\n\t\t  <\/section>\n\t\t\t\t  <footer>\n\t\t\t<div>\n\t\t\t\t\t  <div class=\"svc_social_share\">\n\t\t\t\t<ul>\n\t\t\t\t  <li><a href=\"https:\/\/twitter.com\/intent\/tweet?text=&url=https:\/\/afpinclusivegiving.ca\/fr\/resource\/inciter-de-nouvelles-communautes-sengager-en-philanthropie-axee-sur-les-soins-de-sante-diversification-de-la-gouvernance-des-conseils-dadministration-et-des-donateurs\/\" target=\"_blank\"><i class=\"fa fa-twitter\"><\/i><\/a><\/li>\n\t\t\t\t  <li><a href=\"https:\/\/www.facebook.com\/sharer\/sharer.php?u=https:\/\/afpinclusivegiving.ca\/fr\/resource\/inciter-de-nouvelles-communautes-sengager-en-philanthropie-axee-sur-les-soins-de-sante-diversification-de-la-gouvernance-des-conseils-dadministration-et-des-donateurs\/\" target=\"_blank\"><i class=\"fa fa-facebook\"><\/i><\/a><\/li>\n\t\t\t\t  <li><a href=\"https:\/\/plusone.google.com\/share?url=https:\/\/afpinclusivegiving.ca\/fr\/resource\/inciter-de-nouvelles-communautes-sengager-en-philanthropie-axee-sur-les-soins-de-sante-diversification-de-la-gouvernance-des-conseils-dadministration-et-des-donateurs\/\" target=\"_blank\"><i class=\"fa fa-google-plus\"><\/i><\/a><\/li>\n\t\t\t\t<\/ul>\n\t\t\t  <\/div>\n\t\t\t\t\t<\/div>\n\t\t  <\/footer>\n\t\t\t\t<\/article>\n\t\t\t<article class=\"element-item svc-col-md-4 svc-col-sm-6 svc-col-xs-12 \" svc-animation=\"\" sort=\"\">\n\t\t\t\t  <section>\n\t\t\t<p><a href=\"https:\/\/afpinclusivegiving.ca\/fr\/resource\/etude-sur-linclusion-et-le-soutien-aux-introvertis-pour-quils-reussissent-dans-le-domaine-de-la-collecte-de-fonds\/\" target=\"_self\" class=\"svc_title\">\u00c9TUDE SUR L\u2019INCLUSION ET LE SOUTIEN AUX INTROVERTIS POUR QU\u2019ILS R\u00c9USSISSENT DANS LE DOMAINE DE LA COLLECTE DE FONDS<\/a><\/p>\n\t\t\t            <p class=\"svc_read_more_p\"><a href=\"https:\/\/afpinclusivegiving.ca\/fr\/resource\/etude-sur-linclusion-et-le-soutien-aux-introvertis-pour-quils-reussissent-dans-le-domaine-de-la-collecte-de-fonds\/\" class=\"svc_read_more\" target=\"_self\">\n\t\t\tRead More<\/a><\/p>\n\t\t  <\/section>\n\t\t\t\t  <footer>\n\t\t\t<div>\n\t\t\t\t\t  <div class=\"svc_social_share\">\n\t\t\t\t<ul>\n\t\t\t\t  <li><a href=\"https:\/\/twitter.com\/intent\/tweet?text=&url=https:\/\/afpinclusivegiving.ca\/fr\/resource\/etude-sur-linclusion-et-le-soutien-aux-introvertis-pour-quils-reussissent-dans-le-domaine-de-la-collecte-de-fonds\/\" target=\"_blank\"><i class=\"fa fa-twitter\"><\/i><\/a><\/li>\n\t\t\t\t  <li><a href=\"https:\/\/www.facebook.com\/sharer\/sharer.php?u=https:\/\/afpinclusivegiving.ca\/fr\/resource\/etude-sur-linclusion-et-le-soutien-aux-introvertis-pour-quils-reussissent-dans-le-domaine-de-la-collecte-de-fonds\/\" target=\"_blank\"><i class=\"fa fa-facebook\"><\/i><\/a><\/li>\n\t\t\t\t  <li><a href=\"https:\/\/plusone.google.com\/share?url=https:\/\/afpinclusivegiving.ca\/fr\/resource\/etude-sur-linclusion-et-le-soutien-aux-introvertis-pour-quils-reussissent-dans-le-domaine-de-la-collecte-de-fonds\/\" target=\"_blank\"><i class=\"fa fa-google-plus\"><\/i><\/a><\/li>\n\t\t\t\t<\/ul>\n\t\t\t  <\/div>\n\t\t\t\t\t<\/div>\n\t\t  <\/footer>\n\t\t\t\t<\/article>\n\t\t\t<article class=\"element-item svc-col-md-4 svc-col-sm-6 svc-col-xs-12 \" svc-animation=\"\" sort=\"\">\n\t\t\t\t  <section>\n\t\t\t<p><a href=\"https:\/\/afpinclusivegiving.ca\/fr\/resource\/discussion-sur-la-discrimination-fondee-sur-la-capacite-physique-en-collecte-de-fonds-faire-de-la-representation-des-personnes-handicapees-une-priorite-dans-notre-secteur\/\" target=\"_self\" class=\"svc_title\">DISCUSSION SUR LA DISCRIMINATION FOND\u00c9E SUR LA CAPACIT\u00c9 PHYSIQUE EN COLLECTE DE FONDS : FAIRE DE LA REPR\u00c9SENTATION DES PERSONNES HANDICAP\u00c9ES UNE PRIORIT\u00c9 DANS NOTRE SECTEUR<\/a><\/p>\n\t\t\t            <p class=\"svc_read_more_p\"><a href=\"https:\/\/afpinclusivegiving.ca\/fr\/resource\/discussion-sur-la-discrimination-fondee-sur-la-capacite-physique-en-collecte-de-fonds-faire-de-la-representation-des-personnes-handicapees-une-priorite-dans-notre-secteur\/\" class=\"svc_read_more\" target=\"_self\">\n\t\t\tRead More<\/a><\/p>\n\t\t  <\/section>\n\t\t\t\t  <footer>\n\t\t\t<div>\n\t\t\t\t\t  <div class=\"svc_social_share\">\n\t\t\t\t<ul>\n\t\t\t\t  <li><a href=\"https:\/\/twitter.com\/intent\/tweet?text=&url=https:\/\/afpinclusivegiving.ca\/fr\/resource\/discussion-sur-la-discrimination-fondee-sur-la-capacite-physique-en-collecte-de-fonds-faire-de-la-representation-des-personnes-handicapees-une-priorite-dans-notre-secteur\/\" target=\"_blank\"><i class=\"fa fa-twitter\"><\/i><\/a><\/li>\n\t\t\t\t  <li><a href=\"https:\/\/www.facebook.com\/sharer\/sharer.php?u=https:\/\/afpinclusivegiving.ca\/fr\/resource\/discussion-sur-la-discrimination-fondee-sur-la-capacite-physique-en-collecte-de-fonds-faire-de-la-representation-des-personnes-handicapees-une-priorite-dans-notre-secteur\/\" target=\"_blank\"><i class=\"fa fa-facebook\"><\/i><\/a><\/li>\n\t\t\t\t  <li><a href=\"https:\/\/plusone.google.com\/share?url=https:\/\/afpinclusivegiving.ca\/fr\/resource\/discussion-sur-la-discrimination-fondee-sur-la-capacite-physique-en-collecte-de-fonds-faire-de-la-representation-des-personnes-handicapees-une-priorite-dans-notre-secteur\/\" target=\"_blank\"><i class=\"fa fa-google-plus\"><\/i><\/a><\/li>\n\t\t\t\t<\/ul>\n\t\t\t  <\/div>\n\t\t\t\t\t<\/div>\n\t\t  <\/footer>\n\t\t\t\t<\/article>\n\t\t\t<article class=\"element-item svc-col-md-4 svc-col-sm-6 svc-col-xs-12 \" svc-animation=\"\" sort=\"\">\n\t\t\t\t  <section>\n\t\t\t<p><a href=\"https:\/\/afpinclusivegiving.ca\/fr\/resource\/recruter-plus-que-la-bonne-personne-etude-des-pratiques-dequite-de-diversite-et-dinclusion-dans-le-cadre-du-recrutement-et-de-lembauche-luniversite-de-toronto\/\" target=\"_self\" class=\"svc_title\">Recruter plus que la bonne personne : \u00e9tude des pratiques d\u2019\u00e9quit\u00e9, de diversit\u00e9 et d\u2019inclusion dans le cadre du recrutement et de l\u2019embauche \u00e0 l\u2019Universit\u00e9 de Toronto<\/a><\/p>\n\t\t\t            <p class=\"svc_read_more_p\"><a href=\"https:\/\/afpinclusivegiving.ca\/fr\/resource\/recruter-plus-que-la-bonne-personne-etude-des-pratiques-dequite-de-diversite-et-dinclusion-dans-le-cadre-du-recrutement-et-de-lembauche-luniversite-de-toronto\/\" class=\"svc_read_more\" target=\"_self\">\n\t\t\tRead More<\/a><\/p>\n\t\t  <\/section>\n\t\t\t\t  <footer>\n\t\t\t<div>\n\t\t\t\t\t  <div class=\"svc_social_share\">\n\t\t\t\t<ul>\n\t\t\t\t  <li><a href=\"https:\/\/twitter.com\/intent\/tweet?text=&url=https:\/\/afpinclusivegiving.ca\/fr\/resource\/recruter-plus-que-la-bonne-personne-etude-des-pratiques-dequite-de-diversite-et-dinclusion-dans-le-cadre-du-recrutement-et-de-lembauche-luniversite-de-toronto\/\" target=\"_blank\"><i class=\"fa fa-twitter\"><\/i><\/a><\/li>\n\t\t\t\t  <li><a href=\"https:\/\/www.facebook.com\/sharer\/sharer.php?u=https:\/\/afpinclusivegiving.ca\/fr\/resource\/recruter-plus-que-la-bonne-personne-etude-des-pratiques-dequite-de-diversite-et-dinclusion-dans-le-cadre-du-recrutement-et-de-lembauche-luniversite-de-toronto\/\" target=\"_blank\"><i class=\"fa fa-facebook\"><\/i><\/a><\/li>\n\t\t\t\t  <li><a href=\"https:\/\/plusone.google.com\/share?url=https:\/\/afpinclusivegiving.ca\/fr\/resource\/recruter-plus-que-la-bonne-personne-etude-des-pratiques-dequite-de-diversite-et-dinclusion-dans-le-cadre-du-recrutement-et-de-lembauche-luniversite-de-toronto\/\" target=\"_blank\"><i class=\"fa fa-google-plus\"><\/i><\/a><\/li>\n\t\t\t\t<\/ul>\n\t\t\t  <\/div>\n\t\t\t\t\t<\/div>\n\t\t  <\/footer>\n\t\t\t\t<\/article>\n\t\t\t<article class=\"element-item svc-col-md-4 svc-col-sm-6 svc-col-xs-12 \" svc-animation=\"\" sort=\"\">\n\t\t\t\t  <section>\n\t\t\t<p><a href=\"https:\/\/afpinclusivegiving.ca\/fr\/resource\/approfondir-le-maintien-de-lequite-canadian-art\/\" target=\"_self\" class=\"svc_title\">APPROFONDIR LE MAINTIEN DE L\u2019\u00c9QUIT\u00c9 \u00c0 CANADIAN ART<\/a><\/p>\n\t\t\t            <p class=\"svc_read_more_p\"><a href=\"https:\/\/afpinclusivegiving.ca\/fr\/resource\/approfondir-le-maintien-de-lequite-canadian-art\/\" class=\"svc_read_more\" target=\"_self\">\n\t\t\tRead More<\/a><\/p>\n\t\t  <\/section>\n\t\t\t\t  <footer>\n\t\t\t<div>\n\t\t\t\t\t  <div class=\"svc_social_share\">\n\t\t\t\t<ul>\n\t\t\t\t  <li><a href=\"https:\/\/twitter.com\/intent\/tweet?text=&url=https:\/\/afpinclusivegiving.ca\/fr\/resource\/approfondir-le-maintien-de-lequite-canadian-art\/\" target=\"_blank\"><i class=\"fa fa-twitter\"><\/i><\/a><\/li>\n\t\t\t\t  <li><a href=\"https:\/\/www.facebook.com\/sharer\/sharer.php?u=https:\/\/afpinclusivegiving.ca\/fr\/resource\/approfondir-le-maintien-de-lequite-canadian-art\/\" target=\"_blank\"><i class=\"fa fa-facebook\"><\/i><\/a><\/li>\n\t\t\t\t  <li><a href=\"https:\/\/plusone.google.com\/share?url=https:\/\/afpinclusivegiving.ca\/fr\/resource\/approfondir-le-maintien-de-lequite-canadian-art\/\" target=\"_blank\"><i class=\"fa fa-google-plus\"><\/i><\/a><\/li>\n\t\t\t\t<\/ul>\n\t\t\t  <\/div>\n\t\t\t\t\t<\/div>\n\t\t  <\/footer>\n\t\t\t\t<\/article>\n\t\t\t<article class=\"element-item svc-col-md-4 svc-col-sm-6 svc-col-xs-12 \" svc-animation=\"\" sort=\"\">\n\t\t\t\t  <section>\n\t\t\t<p><a href=\"https:\/\/afpinclusivegiving.ca\/fr\/resource\/ameliorer-les-pratiques-de-ywca-canada-en-matiere-dinclusion-de-diversite-dequite-et-dacces-idea-un-outil-daide-lintegration\/\" target=\"_self\" class=\"svc_title\">AM\u00c9LIORER LES PRATIQUES DE YWCA CANADA EN MATI\u00c8RE D\u2019INCLUSION, DE DIVERSIT\u00c9, D\u2019\u00c9QUIT\u00c9 ET D\u2019ACC\u00c8S (IDEA) \u2013 UN OUTIL D\u2019AIDE \u00c0 L\u2019INT\u00c9GRATION<\/a><\/p>\n\t\t\t            <p class=\"svc_read_more_p\"><a href=\"https:\/\/afpinclusivegiving.ca\/fr\/resource\/ameliorer-les-pratiques-de-ywca-canada-en-matiere-dinclusion-de-diversite-dequite-et-dacces-idea-un-outil-daide-lintegration\/\" class=\"svc_read_more\" target=\"_self\">\n\t\t\tRead More<\/a><\/p>\n\t\t  <\/section>\n\t\t\t\t  <footer>\n\t\t\t<div>\n\t\t\t\t\t  <div class=\"svc_social_share\">\n\t\t\t\t<ul>\n\t\t\t\t  <li><a href=\"https:\/\/twitter.com\/intent\/tweet?text=&url=https:\/\/afpinclusivegiving.ca\/fr\/resource\/ameliorer-les-pratiques-de-ywca-canada-en-matiere-dinclusion-de-diversite-dequite-et-dacces-idea-un-outil-daide-lintegration\/\" target=\"_blank\"><i class=\"fa fa-twitter\"><\/i><\/a><\/li>\n\t\t\t\t  <li><a href=\"https:\/\/www.facebook.com\/sharer\/sharer.php?u=https:\/\/afpinclusivegiving.ca\/fr\/resource\/ameliorer-les-pratiques-de-ywca-canada-en-matiere-dinclusion-de-diversite-dequite-et-dacces-idea-un-outil-daide-lintegration\/\" target=\"_blank\"><i class=\"fa fa-facebook\"><\/i><\/a><\/li>\n\t\t\t\t  <li><a href=\"https:\/\/plusone.google.com\/share?url=https:\/\/afpinclusivegiving.ca\/fr\/resource\/ameliorer-les-pratiques-de-ywca-canada-en-matiere-dinclusion-de-diversite-dequite-et-dacces-idea-un-outil-daide-lintegration\/\" target=\"_blank\"><i class=\"fa fa-google-plus\"><\/i><\/a><\/li>\n\t\t\t\t<\/ul>\n\t\t\t  <\/div>\n\t\t\t\t\t<\/div>\n\t\t  <\/footer>\n\t\t\t\t<\/article>\n\t\t\t<article class=\"element-item svc-col-md-4 svc-col-sm-6 svc-col-xs-12 \" svc-animation=\"\" sort=\"\">\n\t\t\t\t  <section>\n\t\t\t<p><a href=\"https:\/\/afpinclusivegiving.ca\/fr\/resource\/exiger-la-diversite-et-cultiver-linclusion\/\" target=\"_self\" class=\"svc_title\">EXIGER LA DIVERSIT\u00c9 ET CULTIVER L\u2019INCLUSION<\/a><\/p>\n\t\t\t            <p class=\"svc_read_more_p\"><a href=\"https:\/\/afpinclusivegiving.ca\/fr\/resource\/exiger-la-diversite-et-cultiver-linclusion\/\" class=\"svc_read_more\" target=\"_self\">\n\t\t\tRead More<\/a><\/p>\n\t\t  <\/section>\n\t\t\t\t  <footer>\n\t\t\t<div>\n\t\t\t\t\t  <div class=\"svc_social_share\">\n\t\t\t\t<ul>\n\t\t\t\t  <li><a href=\"https:\/\/twitter.com\/intent\/tweet?text=&url=https:\/\/afpinclusivegiving.ca\/fr\/resource\/exiger-la-diversite-et-cultiver-linclusion\/\" target=\"_blank\"><i class=\"fa fa-twitter\"><\/i><\/a><\/li>\n\t\t\t\t  <li><a href=\"https:\/\/www.facebook.com\/sharer\/sharer.php?u=https:\/\/afpinclusivegiving.ca\/fr\/resource\/exiger-la-diversite-et-cultiver-linclusion\/\" target=\"_blank\"><i class=\"fa fa-facebook\"><\/i><\/a><\/li>\n\t\t\t\t  <li><a href=\"https:\/\/plusone.google.com\/share?url=https:\/\/afpinclusivegiving.ca\/fr\/resource\/exiger-la-diversite-et-cultiver-linclusion\/\" target=\"_blank\"><i class=\"fa fa-google-plus\"><\/i><\/a><\/li>\n\t\t\t\t<\/ul>\n\t\t\t  <\/div>\n\t\t\t\t\t<\/div>\n\t\t  <\/footer>\n\t\t\t\t<\/article>\n\t\t\t<article class=\"element-item svc-col-md-4 svc-col-sm-6 svc-col-xs-12 \" svc-animation=\"\" sort=\"\">\n\t\t\t\t  <section>\n\t\t\t<p><a href=\"https:\/\/afpinclusivegiving.ca\/fr\/resource\/faire-la-lumiere-sur-les-dons-dentreprises-et-les-relations-des-organismes-sans-lucratif-une-etude-de-cas-toronto-grande-region-de-toronto\/\" target=\"_self\" class=\"svc_title\">FAIRE LA LUMI\u00c8RE SUR LES DONS D\u2019ENTREPRISES ET LES RELATIONS DES ORGANISMES SANS BUT LUCRATIF : UNE \u00c9TUDE DE CAS \u00c0 TORONTO (GRANDE R\u00c9GION DE TORONTO)<\/a><\/p>\n\t\t\t            <p class=\"svc_read_more_p\"><a href=\"https:\/\/afpinclusivegiving.ca\/fr\/resource\/faire-la-lumiere-sur-les-dons-dentreprises-et-les-relations-des-organismes-sans-lucratif-une-etude-de-cas-toronto-grande-region-de-toronto\/\" class=\"svc_read_more\" target=\"_self\">\n\t\t\tRead More<\/a><\/p>\n\t\t  <\/section>\n\t\t\t\t  <footer>\n\t\t\t<div>\n\t\t\t\t\t  <div class=\"svc_social_share\">\n\t\t\t\t<ul>\n\t\t\t\t  <li><a href=\"https:\/\/twitter.com\/intent\/tweet?text=&url=https:\/\/afpinclusivegiving.ca\/fr\/resource\/faire-la-lumiere-sur-les-dons-dentreprises-et-les-relations-des-organismes-sans-lucratif-une-etude-de-cas-toronto-grande-region-de-toronto\/\" target=\"_blank\"><i class=\"fa fa-twitter\"><\/i><\/a><\/li>\n\t\t\t\t  <li><a href=\"https:\/\/www.facebook.com\/sharer\/sharer.php?u=https:\/\/afpinclusivegiving.ca\/fr\/resource\/faire-la-lumiere-sur-les-dons-dentreprises-et-les-relations-des-organismes-sans-lucratif-une-etude-de-cas-toronto-grande-region-de-toronto\/\" target=\"_blank\"><i class=\"fa fa-facebook\"><\/i><\/a><\/li>\n\t\t\t\t  <li><a href=\"https:\/\/plusone.google.com\/share?url=https:\/\/afpinclusivegiving.ca\/fr\/resource\/faire-la-lumiere-sur-les-dons-dentreprises-et-les-relations-des-organismes-sans-lucratif-une-etude-de-cas-toronto-grande-region-de-toronto\/\" target=\"_blank\"><i class=\"fa fa-google-plus\"><\/i><\/a><\/li>\n\t\t\t\t<\/ul>\n\t\t\t  <\/div>\n\t\t\t\t\t<\/div>\n\t\t  <\/footer>\n\t\t\t\t<\/article>\n\t\t\t<article class=\"element-item svc-col-md-4 svc-col-sm-6 svc-col-xs-12 \" svc-animation=\"\" sort=\"\">\n\t\t\t\t  <section>\n\t\t\t<p><a href=\"https:\/\/afpinclusivegiving.ca\/fr\/resource\/diversite-invisible-promouvoir-linclusion-pour-tous\/\" target=\"_self\" class=\"svc_title\">DIVERSIT\u00c9 INVISIBLE : PROMOUVOIR L\u2019INCLUSION POUR TOUS<\/a><\/p>\n\t\t\t            <p class=\"svc_read_more_p\"><a href=\"https:\/\/afpinclusivegiving.ca\/fr\/resource\/diversite-invisible-promouvoir-linclusion-pour-tous\/\" class=\"svc_read_more\" target=\"_self\">\n\t\t\tRead More<\/a><\/p>\n\t\t  <\/section>\n\t\t\t\t  <footer>\n\t\t\t<div>\n\t\t\t\t\t  <div class=\"svc_social_share\">\n\t\t\t\t<ul>\n\t\t\t\t  <li><a href=\"https:\/\/twitter.com\/intent\/tweet?text=&url=https:\/\/afpinclusivegiving.ca\/fr\/resource\/diversite-invisible-promouvoir-linclusion-pour-tous\/\" target=\"_blank\"><i class=\"fa fa-twitter\"><\/i><\/a><\/li>\n\t\t\t\t  <li><a href=\"https:\/\/www.facebook.com\/sharer\/sharer.php?u=https:\/\/afpinclusivegiving.ca\/fr\/resource\/diversite-invisible-promouvoir-linclusion-pour-tous\/\" target=\"_blank\"><i class=\"fa fa-facebook\"><\/i><\/a><\/li>\n\t\t\t\t  <li><a href=\"https:\/\/plusone.google.com\/share?url=https:\/\/afpinclusivegiving.ca\/fr\/resource\/diversite-invisible-promouvoir-linclusion-pour-tous\/\" target=\"_blank\"><i class=\"fa fa-google-plus\"><\/i><\/a><\/li>\n\t\t\t\t<\/ul>\n\t\t\t  <\/div>\n\t\t\t\t\t<\/div>\n\t\t  <\/footer>\n\t\t\t\t<\/article>\n\t\t\t<article class=\"element-item svc-col-md-4 svc-col-sm-6 svc-col-xs-12 \" svc-animation=\"\" sort=\"\">\n\t\t\t\t  <section>\n\t\t\t<p><a href=\"https:\/\/afpinclusivegiving.ca\/fr\/resource\/oser-la-difference-une-collecte-de-donnees-demographiques-chez-amnesty-international-canada\/\" target=\"_self\" class=\"svc_title\">OSER LA DIFF\u00c9RENCE : UNE COLLECTE DE DONN\u00c9ES D\u00c9MOGRAPHIQUES CHEZ AMNESTY INTERNATIONAL CANADA<\/a><\/p>\n\t\t\t            <p class=\"svc_read_more_p\"><a href=\"https:\/\/afpinclusivegiving.ca\/fr\/resource\/oser-la-difference-une-collecte-de-donnees-demographiques-chez-amnesty-international-canada\/\" class=\"svc_read_more\" target=\"_self\">\n\t\t\tRead More<\/a><\/p>\n\t\t  <\/section>\n\t\t\t\t  <footer>\n\t\t\t<div>\n\t\t\t\t\t  <div class=\"svc_social_share\">\n\t\t\t\t<ul>\n\t\t\t\t  <li><a href=\"https:\/\/twitter.com\/intent\/tweet?text=&url=https:\/\/afpinclusivegiving.ca\/fr\/resource\/oser-la-difference-une-collecte-de-donnees-demographiques-chez-amnesty-international-canada\/\" target=\"_blank\"><i class=\"fa fa-twitter\"><\/i><\/a><\/li>\n\t\t\t\t  <li><a href=\"https:\/\/www.facebook.com\/sharer\/sharer.php?u=https:\/\/afpinclusivegiving.ca\/fr\/resource\/oser-la-difference-une-collecte-de-donnees-demographiques-chez-amnesty-international-canada\/\" target=\"_blank\"><i class=\"fa fa-facebook\"><\/i><\/a><\/li>\n\t\t\t\t  <li><a href=\"https:\/\/plusone.google.com\/share?url=https:\/\/afpinclusivegiving.ca\/fr\/resource\/oser-la-difference-une-collecte-de-donnees-demographiques-chez-amnesty-international-canada\/\" target=\"_blank\"><i class=\"fa fa-google-plus\"><\/i><\/a><\/li>\n\t\t\t\t<\/ul>\n\t\t\t  <\/div>\n\t\t\t\t\t<\/div>\n\t\t  <\/footer>\n\t\t\t\t<\/article>\n\t\t\t<article class=\"element-item svc-col-md-4 svc-col-sm-6 svc-col-xs-12 \" svc-animation=\"\" sort=\"\">\n\t\t\t\t  <section>\n\t\t\t<p><a href=\"https:\/\/afpinclusivegiving.ca\/fr\/resource\/la-diversite-dans-la-responsabilite-sociale-dentreprise-liaison-avec-des-donateurs-potentiels-pour-frontlines\/\" target=\"_self\" class=\"svc_title\">LA DIVERSIT\u00c9 DANS LA RESPONSABILIT\u00c9 SOCIALE D\u2019ENTREPRISE \u2013 LIAISON AVEC DES DONATEURS POTENTIELS POUR FRONTLINES<\/a><\/p>\n\t\t\t            <p class=\"svc_read_more_p\"><a href=\"https:\/\/afpinclusivegiving.ca\/fr\/resource\/la-diversite-dans-la-responsabilite-sociale-dentreprise-liaison-avec-des-donateurs-potentiels-pour-frontlines\/\" class=\"svc_read_more\" target=\"_self\">\n\t\t\tRead More<\/a><\/p>\n\t\t  <\/section>\n\t\t\t\t  <footer>\n\t\t\t<div>\n\t\t\t\t\t  <div class=\"svc_social_share\">\n\t\t\t\t<ul>\n\t\t\t\t  <li><a href=\"https:\/\/twitter.com\/intent\/tweet?text=&url=https:\/\/afpinclusivegiving.ca\/fr\/resource\/la-diversite-dans-la-responsabilite-sociale-dentreprise-liaison-avec-des-donateurs-potentiels-pour-frontlines\/\" target=\"_blank\"><i class=\"fa fa-twitter\"><\/i><\/a><\/li>\n\t\t\t\t  <li><a href=\"https:\/\/www.facebook.com\/sharer\/sharer.php?u=https:\/\/afpinclusivegiving.ca\/fr\/resource\/la-diversite-dans-la-responsabilite-sociale-dentreprise-liaison-avec-des-donateurs-potentiels-pour-frontlines\/\" target=\"_blank\"><i class=\"fa fa-facebook\"><\/i><\/a><\/li>\n\t\t\t\t  <li><a href=\"https:\/\/plusone.google.com\/share?url=https:\/\/afpinclusivegiving.ca\/fr\/resource\/la-diversite-dans-la-responsabilite-sociale-dentreprise-liaison-avec-des-donateurs-potentiels-pour-frontlines\/\" target=\"_blank\"><i class=\"fa fa-google-plus\"><\/i><\/a><\/li>\n\t\t\t\t<\/ul>\n\t\t\t  <\/div>\n\t\t\t\t\t<\/div>\n\t\t  <\/footer>\n\t\t\t\t<\/article>\n\t\t\t<article class=\"element-item svc-col-md-4 svc-col-sm-6 svc-col-xs-12 \" svc-animation=\"\" sort=\"\">\n\t\t\t\t  <section>\n\t\t\t<p><a href=\"https:\/\/afpinclusivegiving.ca\/fr\/resource\/la-philanthropie-de-la-diaspora-lappui-du-developpement-international\/\" target=\"_self\" class=\"svc_title\">LA PHILANTHROPIE DE LA DIASPORA \u00c0 L\u2019APPUI DU D\u00c9VELOPPEMENT INTERNATIONAL<\/a><\/p>\n\t\t\t            <p class=\"svc_read_more_p\"><a href=\"https:\/\/afpinclusivegiving.ca\/fr\/resource\/la-philanthropie-de-la-diaspora-lappui-du-developpement-international\/\" class=\"svc_read_more\" target=\"_self\">\n\t\t\tRead More<\/a><\/p>\n\t\t  <\/section>\n\t\t\t\t  <footer>\n\t\t\t<div>\n\t\t\t\t\t  <div class=\"svc_social_share\">\n\t\t\t\t<ul>\n\t\t\t\t  <li><a href=\"https:\/\/twitter.com\/intent\/tweet?text=&url=https:\/\/afpinclusivegiving.ca\/fr\/resource\/la-philanthropie-de-la-diaspora-lappui-du-developpement-international\/\" target=\"_blank\"><i class=\"fa fa-twitter\"><\/i><\/a><\/li>\n\t\t\t\t  <li><a href=\"https:\/\/www.facebook.com\/sharer\/sharer.php?u=https:\/\/afpinclusivegiving.ca\/fr\/resource\/la-philanthropie-de-la-diaspora-lappui-du-developpement-international\/\" target=\"_blank\"><i class=\"fa fa-facebook\"><\/i><\/a><\/li>\n\t\t\t\t  <li><a href=\"https:\/\/plusone.google.com\/share?url=https:\/\/afpinclusivegiving.ca\/fr\/resource\/la-philanthropie-de-la-diaspora-lappui-du-developpement-international\/\" target=\"_blank\"><i class=\"fa fa-google-plus\"><\/i><\/a><\/li>\n\t\t\t\t<\/ul>\n\t\t\t  <\/div>\n\t\t\t\t\t<\/div>\n\t\t  <\/footer>\n\t\t\t\t<\/article>\n\t\t\t<article class=\"element-item svc-col-md-4 svc-col-sm-6 svc-col-xs-12 \" svc-animation=\"\" sort=\"\">\n\t\t\t\t  <section>\n\t\t\t<p><a href=\"https:\/\/afpinclusivegiving.ca\/fr\/resource\/quels-sont-les-changements-que-cherchent-apporter-les-boursiers-de-lafp-en-diversite-et-inclusion\/\" target=\"_self\" class=\"svc_title\">QUELS SONT LES CHANGEMENTS QUE CHERCHENT \u00c0 APPORTER LES BOURSIERS DE L\u2019AFP EN DIVERSIT\u00c9 ET INCLUSION?<\/a><\/p>\n\t\t\t            <p class=\"svc_read_more_p\"><a href=\"https:\/\/afpinclusivegiving.ca\/fr\/resource\/quels-sont-les-changements-que-cherchent-apporter-les-boursiers-de-lafp-en-diversite-et-inclusion\/\" class=\"svc_read_more\" target=\"_self\">\n\t\t\tRead More<\/a><\/p>\n\t\t  <\/section>\n\t\t\t\t  <footer>\n\t\t\t<div>\n\t\t\t\t\t  <div class=\"svc_social_share\">\n\t\t\t\t<ul>\n\t\t\t\t  <li><a href=\"https:\/\/twitter.com\/intent\/tweet?text=&url=https:\/\/afpinclusivegiving.ca\/fr\/resource\/quels-sont-les-changements-que-cherchent-apporter-les-boursiers-de-lafp-en-diversite-et-inclusion\/\" target=\"_blank\"><i class=\"fa fa-twitter\"><\/i><\/a><\/li>\n\t\t\t\t  <li><a href=\"https:\/\/www.facebook.com\/sharer\/sharer.php?u=https:\/\/afpinclusivegiving.ca\/fr\/resource\/quels-sont-les-changements-que-cherchent-apporter-les-boursiers-de-lafp-en-diversite-et-inclusion\/\" target=\"_blank\"><i class=\"fa fa-facebook\"><\/i><\/a><\/li>\n\t\t\t\t  <li><a href=\"https:\/\/plusone.google.com\/share?url=https:\/\/afpinclusivegiving.ca\/fr\/resource\/quels-sont-les-changements-que-cherchent-apporter-les-boursiers-de-lafp-en-diversite-et-inclusion\/\" target=\"_blank\"><i class=\"fa fa-google-plus\"><\/i><\/a><\/li>\n\t\t\t\t<\/ul>\n\t\t\t  <\/div>\n\t\t\t\t\t<\/div>\n\t\t  <\/footer>\n\t\t\t\t<\/article>\n\t\t\t<article class=\"element-item svc-col-md-4 svc-col-sm-6 svc-col-xs-12 \" svc-animation=\"\" sort=\"\">\n\t\t\t\t  <section>\n\t\t\t<p><a href=\"https:\/\/afpinclusivegiving.ca\/fr\/resource\/etablissement-dun-comite-sur-la-diversite-et-linclusion-chez-cuso-international\/\" target=\"_self\" class=\"svc_title\">\u00c9TABLISSEMENT D\u2019UN COMIT\u00c9 SUR LA DIVERSIT\u00c9 ET L\u2019INCLUSION CHEZ CUSO INTERNATIONAL<\/a><\/p>\n\t\t\t            <p class=\"svc_read_more_p\"><a href=\"https:\/\/afpinclusivegiving.ca\/fr\/resource\/etablissement-dun-comite-sur-la-diversite-et-linclusion-chez-cuso-international\/\" class=\"svc_read_more\" target=\"_self\">\n\t\t\tRead More<\/a><\/p>\n\t\t  <\/section>\n\t\t\t\t  <footer>\n\t\t\t<div>\n\t\t\t\t\t  <div class=\"svc_social_share\">\n\t\t\t\t<ul>\n\t\t\t\t  <li><a href=\"https:\/\/twitter.com\/intent\/tweet?text=&url=https:\/\/afpinclusivegiving.ca\/fr\/resource\/etablissement-dun-comite-sur-la-diversite-et-linclusion-chez-cuso-international\/\" target=\"_blank\"><i class=\"fa fa-twitter\"><\/i><\/a><\/li>\n\t\t\t\t  <li><a href=\"https:\/\/www.facebook.com\/sharer\/sharer.php?u=https:\/\/afpinclusivegiving.ca\/fr\/resource\/etablissement-dun-comite-sur-la-diversite-et-linclusion-chez-cuso-international\/\" target=\"_blank\"><i class=\"fa fa-facebook\"><\/i><\/a><\/li>\n\t\t\t\t  <li><a href=\"https:\/\/plusone.google.com\/share?url=https:\/\/afpinclusivegiving.ca\/fr\/resource\/etablissement-dun-comite-sur-la-diversite-et-linclusion-chez-cuso-international\/\" target=\"_blank\"><i class=\"fa fa-google-plus\"><\/i><\/a><\/li>\n\t\t\t\t<\/ul>\n\t\t\t  <\/div>\n\t\t\t\t\t<\/div>\n\t\t  <\/footer>\n\t\t\t\t<\/article>\n\t\t\t<article class=\"element-item svc-col-md-4 svc-col-sm-6 svc-col-xs-12 \" svc-animation=\"\" sort=\"\">\n\t\t\t\t  <section>\n\t\t\t<p><a href=\"https:\/\/afpinclusivegiving.ca\/fr\/resource\/la-philanthropie-et-linitiative-verite-et-reconciliation\/\" target=\"_self\" class=\"svc_title\">LA PHILANTHROPIE ET L\u2019INITIATIVE V\u00c9RIT\u00c9 ET R\u00c9CONCILIATION<\/a><\/p>\n\t\t\t            <p class=\"svc_read_more_p\"><a href=\"https:\/\/afpinclusivegiving.ca\/fr\/resource\/la-philanthropie-et-linitiative-verite-et-reconciliation\/\" class=\"svc_read_more\" target=\"_self\">\n\t\t\tRead More<\/a><\/p>\n\t\t  <\/section>\n\t\t\t\t  <footer>\n\t\t\t<div>\n\t\t\t\t\t  <div class=\"svc_social_share\">\n\t\t\t\t<ul>\n\t\t\t\t  <li><a href=\"https:\/\/twitter.com\/intent\/tweet?text=&url=https:\/\/afpinclusivegiving.ca\/fr\/resource\/la-philanthropie-et-linitiative-verite-et-reconciliation\/\" target=\"_blank\"><i class=\"fa fa-twitter\"><\/i><\/a><\/li>\n\t\t\t\t  <li><a href=\"https:\/\/www.facebook.com\/sharer\/sharer.php?u=https:\/\/afpinclusivegiving.ca\/fr\/resource\/la-philanthropie-et-linitiative-verite-et-reconciliation\/\" target=\"_blank\"><i class=\"fa fa-facebook\"><\/i><\/a><\/li>\n\t\t\t\t  <li><a href=\"https:\/\/plusone.google.com\/share?url=https:\/\/afpinclusivegiving.ca\/fr\/resource\/la-philanthropie-et-linitiative-verite-et-reconciliation\/\" target=\"_blank\"><i class=\"fa fa-google-plus\"><\/i><\/a><\/li>\n\t\t\t\t<\/ul>\n\t\t\t  <\/div>\n\t\t\t\t\t<\/div>\n\t\t  <\/footer>\n\t\t\t\t<\/article>\n\t\t\t<article class=\"element-item svc-col-md-4 svc-col-sm-6 svc-col-xs-12 \" svc-animation=\"\" sort=\"\">\n\t\t\t\t  <section>\n\t\t\t<p><a href=\"https:\/\/afpinclusivegiving.ca\/fr\/resource\/partir-dou-vous-etes-examen-de-la-diversite-et-de-linclusion-dans-la-culture-organisationnelle\/\" target=\"_self\" class=\"svc_title\">PARTIR D\u2019O\u00d9 VOUS \u00caTES : EXAMEN DE LA DIVERSIT\u00c9 ET DE L\u2019INCLUSION DANS LA CULTURE ORGANISATIONNELLE<\/a><\/p>\n\t\t\t            <p class=\"svc_read_more_p\"><a href=\"https:\/\/afpinclusivegiving.ca\/fr\/resource\/partir-dou-vous-etes-examen-de-la-diversite-et-de-linclusion-dans-la-culture-organisationnelle\/\" class=\"svc_read_more\" target=\"_self\">\n\t\t\tRead More<\/a><\/p>\n\t\t  <\/section>\n\t\t\t\t  <footer>\n\t\t\t<div>\n\t\t\t\t\t  <div class=\"svc_social_share\">\n\t\t\t\t<ul>\n\t\t\t\t  <li><a href=\"https:\/\/twitter.com\/intent\/tweet?text=&url=https:\/\/afpinclusivegiving.ca\/fr\/resource\/partir-dou-vous-etes-examen-de-la-diversite-et-de-linclusion-dans-la-culture-organisationnelle\/\" target=\"_blank\"><i class=\"fa fa-twitter\"><\/i><\/a><\/li>\n\t\t\t\t  <li><a href=\"https:\/\/www.facebook.com\/sharer\/sharer.php?u=https:\/\/afpinclusivegiving.ca\/fr\/resource\/partir-dou-vous-etes-examen-de-la-diversite-et-de-linclusion-dans-la-culture-organisationnelle\/\" target=\"_blank\"><i class=\"fa fa-facebook\"><\/i><\/a><\/li>\n\t\t\t\t  <li><a href=\"https:\/\/plusone.google.com\/share?url=https:\/\/afpinclusivegiving.ca\/fr\/resource\/partir-dou-vous-etes-examen-de-la-diversite-et-de-linclusion-dans-la-culture-organisationnelle\/\" target=\"_blank\"><i class=\"fa fa-google-plus\"><\/i><\/a><\/li>\n\t\t\t\t<\/ul>\n\t\t\t  <\/div>\n\t\t\t\t\t<\/div>\n\t\t  <\/footer>\n\t\t\t\t<\/article>\n\t\t\t<article class=\"element-item svc-col-md-4 svc-col-sm-6 svc-col-xs-12 \" svc-animation=\"\" sort=\"\">\n\t\t\t\t  <section>\n\t\t\t<p><a href=\"https:\/\/afpinclusivegiving.ca\/fr\/resource\/boite-a-outils-en-diversite-et-inclusion-pour-le-secteur-philanthropique-quebecois\/\" target=\"_self\" class=\"svc_title\">Bo\u00eete \u00e0 outils en diversit\u00e9 et inclusion pour le secteur philanthropique qu\u00e9b\u00e9cois<\/a><\/p>\n\t\t\t            <p class=\"svc_read_more_p\"><a href=\"https:\/\/afpinclusivegiving.ca\/fr\/resource\/boite-a-outils-en-diversite-et-inclusion-pour-le-secteur-philanthropique-quebecois\/\" class=\"svc_read_more\" target=\"_self\">\n\t\t\tRead More<\/a><\/p>\n\t\t  <\/section>\n\t\t\t\t  <footer>\n\t\t\t<div>\n\t\t\t\t\t  <div class=\"svc_social_share\">\n\t\t\t\t<ul>\n\t\t\t\t  <li><a href=\"https:\/\/twitter.com\/intent\/tweet?text=&url=https:\/\/afpinclusivegiving.ca\/fr\/resource\/boite-a-outils-en-diversite-et-inclusion-pour-le-secteur-philanthropique-quebecois\/\" target=\"_blank\"><i class=\"fa fa-twitter\"><\/i><\/a><\/li>\n\t\t\t\t  <li><a href=\"https:\/\/www.facebook.com\/sharer\/sharer.php?u=https:\/\/afpinclusivegiving.ca\/fr\/resource\/boite-a-outils-en-diversite-et-inclusion-pour-le-secteur-philanthropique-quebecois\/\" target=\"_blank\"><i class=\"fa fa-facebook\"><\/i><\/a><\/li>\n\t\t\t\t  <li><a href=\"https:\/\/plusone.google.com\/share?url=https:\/\/afpinclusivegiving.ca\/fr\/resource\/boite-a-outils-en-diversite-et-inclusion-pour-le-secteur-philanthropique-quebecois\/\" target=\"_blank\"><i class=\"fa fa-google-plus\"><\/i><\/a><\/li>\n\t\t\t\t<\/ul>\n\t\t\t  <\/div>\n\t\t\t\t\t<\/div>\n\t\t  <\/footer>\n\t\t\t\t<\/article>\n\t\t\t<article class=\"element-item svc-col-md-4 svc-col-sm-6 svc-col-xs-12 \" svc-animation=\"\" sort=\"\">\n\t\t\t\t  <header>\n\t\t\t<a href=\"https:\/\/afpinclusivegiving.ca\/fr\/resource\/documents-de-recherche\/\" target=\"_self\">\n\t\t\t\t<img loading=\"lazy\" decoding=\"async\" width=\"512\" height=\"428\" src=\"https:\/\/afpinclusivegiving.ca\/wp-content\/uploads\/2015\/06\/Comp_70447404.jpg\" class=\"svc_post_image\" alt=\"\" srcset=\"https:\/\/afpinclusivegiving.ca\/wp-content\/uploads\/2015\/06\/Comp_70447404.jpg 512w, https:\/\/afpinclusivegiving.ca\/wp-content\/uploads\/2015\/06\/Comp_70447404-300x251.jpg 300w\" sizes=\"auto, (max-width: 512px) 100vw, 512px\" \/>\t\t\t<\/a>\n            \t\t  <\/header>\n\t\t\t\t  <section>\n\t\t\t<p><a href=\"https:\/\/afpinclusivegiving.ca\/fr\/resource\/documents-de-recherche\/\" target=\"_self\" class=\"svc_title\">\u00abDE LA DIVERSIT\u00c9 \u00c0 L\u2019INCLUSION\u00bb Documents de recherche<\/a><\/p>\n\t\t\t            <p class=\"svc_read_more_p\"><a href=\"https:\/\/afpinclusivegiving.ca\/fr\/resource\/documents-de-recherche\/\" class=\"svc_read_more\" target=\"_self\">\n\t\t\tRead More<\/a><\/p>\n\t\t  <\/section>\n\t\t\t\t  <footer>\n\t\t\t<div>\n\t\t\t\t\t  <div class=\"svc_social_share\">\n\t\t\t\t<ul>\n\t\t\t\t  <li><a href=\"https:\/\/twitter.com\/intent\/tweet?text=&url=https:\/\/afpinclusivegiving.ca\/fr\/resource\/documents-de-recherche\/\" target=\"_blank\"><i class=\"fa fa-twitter\"><\/i><\/a><\/li>\n\t\t\t\t  <li><a href=\"https:\/\/www.facebook.com\/sharer\/sharer.php?u=https:\/\/afpinclusivegiving.ca\/fr\/resource\/documents-de-recherche\/\" target=\"_blank\"><i class=\"fa fa-facebook\"><\/i><\/a><\/li>\n\t\t\t\t  <li><a href=\"https:\/\/plusone.google.com\/share?url=https:\/\/afpinclusivegiving.ca\/fr\/resource\/documents-de-recherche\/\" target=\"_blank\"><i class=\"fa fa-google-plus\"><\/i><\/a><\/li>\n\t\t\t\t<\/ul>\n\t\t\t  <\/div>\n\t\t\t\t\t<\/div>\n\t\t  <\/footer>\n\t\t\t\t<\/article>\n\t\t\t<article class=\"element-item svc-col-md-4 svc-col-sm-6 svc-col-xs-12 \" svc-animation=\"\" sort=\"\">\n\t\t\t\t  <header>\n\t\t\t<a href=\"https:\/\/afpinclusivegiving.ca\/fr\/resource\/diversite-et-inclusion-dans-les-sections-ressources\/\" target=\"_self\">\n\t\t\t\t<img loading=\"lazy\" decoding=\"async\" width=\"512\" height=\"340\" src=\"https:\/\/afpinclusivegiving.ca\/wp-content\/uploads\/2015\/06\/Comp_61494492.jpg\" class=\"svc_post_image\" alt=\"\" srcset=\"https:\/\/afpinclusivegiving.ca\/wp-content\/uploads\/2015\/06\/Comp_61494492.jpg 512w, https:\/\/afpinclusivegiving.ca\/wp-content\/uploads\/2015\/06\/Comp_61494492-300x199.jpg 300w\" sizes=\"auto, (max-width: 512px) 100vw, 512px\" \/>\t\t\t<\/a>\n            \t\t  <\/header>\n\t\t\t\t  <section>\n\t\t\t<p><a href=\"https:\/\/afpinclusivegiving.ca\/fr\/resource\/diversite-et-inclusion-dans-les-sections-ressources\/\" target=\"_self\" class=\"svc_title\">Diversit\u00e9 et inclusion dans les sections \u2013 Ressources<\/a><\/p>\n\t\t\t            <p class=\"svc_read_more_p\"><a href=\"https:\/\/afpinclusivegiving.ca\/fr\/resource\/diversite-et-inclusion-dans-les-sections-ressources\/\" class=\"svc_read_more\" target=\"_self\">\n\t\t\tRead More<\/a><\/p>\n\t\t  <\/section>\n\t\t\t\t  <footer>\n\t\t\t<div>\n\t\t\t\t\t  <div class=\"svc_social_share\">\n\t\t\t\t<ul>\n\t\t\t\t  <li><a href=\"https:\/\/twitter.com\/intent\/tweet?text=&url=https:\/\/afpinclusivegiving.ca\/fr\/resource\/diversite-et-inclusion-dans-les-sections-ressources\/\" target=\"_blank\"><i class=\"fa fa-twitter\"><\/i><\/a><\/li>\n\t\t\t\t  <li><a href=\"https:\/\/www.facebook.com\/sharer\/sharer.php?u=https:\/\/afpinclusivegiving.ca\/fr\/resource\/diversite-et-inclusion-dans-les-sections-ressources\/\" target=\"_blank\"><i class=\"fa fa-facebook\"><\/i><\/a><\/li>\n\t\t\t\t  <li><a href=\"https:\/\/plusone.google.com\/share?url=https:\/\/afpinclusivegiving.ca\/fr\/resource\/diversite-et-inclusion-dans-les-sections-ressources\/\" target=\"_blank\"><i class=\"fa fa-google-plus\"><\/i><\/a><\/li>\n\t\t\t\t<\/ul>\n\t\t\t  <\/div>\n\t\t\t\t\t<\/div>\n\t\t  <\/footer>\n\t\t\t\t<\/article>\n\t\t\t<article class=\"element-item svc-col-md-4 svc-col-sm-6 svc-col-xs-12 \" svc-animation=\"\" sort=\"\">\n\t\t\t\t  <header>\n\t\t\t<a href=\"https:\/\/afpinclusivegiving.ca\/fr\/resource\/la-diversite-au-sein-de-la-collecte-de-fonds\/\" target=\"_self\">\n\t\t\t\t<img loading=\"lazy\" decoding=\"async\" width=\"512\" height=\"331\" src=\"https:\/\/afpinclusivegiving.ca\/wp-content\/uploads\/2015\/06\/Comp_58349462.jpg\" class=\"svc_post_image\" alt=\"\" srcset=\"https:\/\/afpinclusivegiving.ca\/wp-content\/uploads\/2015\/06\/Comp_58349462.jpg 512w, https:\/\/afpinclusivegiving.ca\/wp-content\/uploads\/2015\/06\/Comp_58349462-300x194.jpg 300w\" sizes=\"auto, (max-width: 512px) 100vw, 512px\" \/>\t\t\t<\/a>\n            \t\t  <\/header>\n\t\t\t\t  <section>\n\t\t\t<p><a href=\"https:\/\/afpinclusivegiving.ca\/fr\/resource\/la-diversite-au-sein-de-la-collecte-de-fonds\/\" target=\"_self\" class=\"svc_title\">La diversit\u00e9 au sein de la collecte de fonds<\/a><\/p>\n\t\t\t            <p class=\"svc_read_more_p\"><a href=\"https:\/\/afpinclusivegiving.ca\/fr\/resource\/la-diversite-au-sein-de-la-collecte-de-fonds\/\" class=\"svc_read_more\" target=\"_self\">\n\t\t\tRead More<\/a><\/p>\n\t\t  <\/section>\n\t\t\t\t  <footer>\n\t\t\t<div>\n\t\t\t\t\t  <div class=\"svc_social_share\">\n\t\t\t\t<ul>\n\t\t\t\t  <li><a href=\"https:\/\/twitter.com\/intent\/tweet?text=&url=https:\/\/afpinclusivegiving.ca\/fr\/resource\/la-diversite-au-sein-de-la-collecte-de-fonds\/\" target=\"_blank\"><i class=\"fa fa-twitter\"><\/i><\/a><\/li>\n\t\t\t\t  <li><a href=\"https:\/\/www.facebook.com\/sharer\/sharer.php?u=https:\/\/afpinclusivegiving.ca\/fr\/resource\/la-diversite-au-sein-de-la-collecte-de-fonds\/\" target=\"_blank\"><i class=\"fa fa-facebook\"><\/i><\/a><\/li>\n\t\t\t\t  <li><a href=\"https:\/\/plusone.google.com\/share?url=https:\/\/afpinclusivegiving.ca\/fr\/resource\/la-diversite-au-sein-de-la-collecte-de-fonds\/\" target=\"_blank\"><i class=\"fa fa-google-plus\"><\/i><\/a><\/li>\n\t\t\t\t<\/ul>\n\t\t\t  <\/div>\n\t\t\t\t\t<\/div>\n\t\t  <\/footer>\n\t\t\t\t<\/article>\n\t\t\t<article class=\"element-item svc-col-md-4 svc-col-sm-6 svc-col-xs-12 \" svc-animation=\"\" sort=\"\">\n\t\t\t\t  <header>\n\t\t\t<a href=\"https:\/\/afpinclusivegiving.ca\/fr\/resource\/de-la-diversite-a-linclusion-serie-de-videos\/\" target=\"_self\">\n\t\t\t\t<img loading=\"lazy\" decoding=\"async\" width=\"853\" height=\"509\" src=\"https:\/\/afpinclusivegiving.ca\/wp-content\/uploads\/2015\/06\/Diversity-to-Inclusion-Series-of-Videos.jpg\" class=\"svc_post_image\" alt=\"\" srcset=\"https:\/\/afpinclusivegiving.ca\/wp-content\/uploads\/2015\/06\/Diversity-to-Inclusion-Series-of-Videos.jpg 853w, https:\/\/afpinclusivegiving.ca\/wp-content\/uploads\/2015\/06\/Diversity-to-Inclusion-Series-of-Videos-300x179.jpg 300w\" sizes=\"auto, (max-width: 853px) 100vw, 853px\" \/>\t\t\t<\/a>\n            \t\t  <\/header>\n\t\t\t\t  <section>\n\t\t\t<p><a href=\"https:\/\/afpinclusivegiving.ca\/fr\/resource\/de-la-diversite-a-linclusion-serie-de-videos\/\" target=\"_self\" class=\"svc_title\">\u00abDe la diversit\u00e9 \u00e0 l\u2019inclusion\u00bb S\u00e9rie de vid\u00e9os<\/a><\/p>\n\t\t\t            <p class=\"svc_read_more_p\"><a href=\"https:\/\/afpinclusivegiving.ca\/fr\/resource\/de-la-diversite-a-linclusion-serie-de-videos\/\" class=\"svc_read_more\" target=\"_self\">\n\t\t\tRead More<\/a><\/p>\n\t\t  <\/section>\n\t\t\t\t  <footer>\n\t\t\t<div>\n\t\t\t\t\t  <div class=\"svc_social_share\">\n\t\t\t\t<ul>\n\t\t\t\t  <li><a href=\"https:\/\/twitter.com\/intent\/tweet?text=&url=https:\/\/afpinclusivegiving.ca\/fr\/resource\/de-la-diversite-a-linclusion-serie-de-videos\/\" target=\"_blank\"><i class=\"fa fa-twitter\"><\/i><\/a><\/li>\n\t\t\t\t  <li><a href=\"https:\/\/www.facebook.com\/sharer\/sharer.php?u=https:\/\/afpinclusivegiving.ca\/fr\/resource\/de-la-diversite-a-linclusion-serie-de-videos\/\" target=\"_blank\"><i class=\"fa fa-facebook\"><\/i><\/a><\/li>\n\t\t\t\t  <li><a href=\"https:\/\/plusone.google.com\/share?url=https:\/\/afpinclusivegiving.ca\/fr\/resource\/de-la-diversite-a-linclusion-serie-de-videos\/\" target=\"_blank\"><i class=\"fa fa-google-plus\"><\/i><\/a><\/li>\n\t\t\t\t<\/ul>\n\t\t\t  <\/div>\n\t\t\t\t\t<\/div>\n\t\t  <\/footer>\n\t\t\t\t<\/article>\n\t\t<\/div>\n\t    \n\t\t<form id=\"svc_form_load_more_512\">\n\t\t<input type=\"hidden\" name=\"attr\" value=\"Array\" id=\"attr_512\"\/><input type=\"hidden\" name=\"content\" value=\"\" id=\"content_512\"\/><input type=\"hidden\" name=\"query_loop\" value=\"size:All|order_by:date|order:DESC|post_type:resource\" id=\"query_loop_512\"\/><input type=\"hidden\" name=\"exclude_texo\" value=\"\" id=\"exclude_texo_512\"\/><input type=\"hidden\" name=\"ajax\" value=\"0\" id=\"ajax_512\"\/><input type=\"hidden\" name=\"svc_grid_id\" value=\"512\" id=\"svc_grid_id_512\"\/><input type=\"hidden\" name=\"filter_text_color\" value=\"#666666\" id=\"filter_text_color_512\"\/><input type=\"hidden\" name=\"filter_text_active_color\" value=\"#ffffff\" id=\"filter_text_active_color_512\"\/><input type=\"hidden\" name=\"filter_text_active_bgcolor\" value=\"#065496\" id=\"filter_text_active_bgcolor_512\"\/><input type=\"hidden\" name=\"grid_list_filter\" value=\"\" id=\"grid_list_filter_512\"\/><input type=\"hidden\" name=\"skin_type\" value=\"s4\" id=\"skin_type_512\"\/><input type=\"hidden\" name=\"ps8_bgcolor\" value=\"\" id=\"ps8_bgcolor_512\"\/><input type=\"hidden\" name=\"ps8o_bgcolor\" value=\"\" id=\"ps8o_bgcolor_512\"\/><input type=\"hidden\" name=\"pbgcolor\" value=\"\" id=\"pbgcolor_512\"\/><input type=\"hidden\" name=\"pbghcolor\" value=\"\" id=\"pbghcolor_512\"\/><input type=\"hidden\" name=\"line_color\" value=\"#fdb827\" id=\"line_color_512\"\/><input type=\"hidden\" name=\"tcolor\" value=\"\" id=\"tcolor_512\"\/><input type=\"hidden\" name=\"thcolor\" value=\"\" id=\"thcolor_512\"\/><input type=\"hidden\" name=\"s5_min_height\" value=\"150\" id=\"s5_min_height_512\"\/><input type=\"hidden\" name=\"load_more_color\" value=\"\" id=\"load_more_color_512\"\/><input type=\"hidden\" name=\"pagination_bgcolor\" value=\"\" id=\"pagination_bgcolor_512\"\/><input type=\"hidden\" name=\"pagination_active_bgcolor\" value=\"\" id=\"pagination_active_bgcolor_512\"\/><input type=\"hidden\" name=\"pagination_number_color\" value=\"\" id=\"pagination_number_color_512\"\/><input type=\"hidden\" name=\"svc_type\" value=\"post_layout\" id=\"svc_type_512\"\/><input type=\"hidden\" name=\"car_navigation_color\" value=\"\" id=\"car_navigation_color_512\"\/><input type=\"hidden\" name=\"car_loadmore\" value=\"\" id=\"car_loadmore_512\"\/><input type=\"hidden\" name=\"svc_class\" value=\"\" id=\"svc_class_512\"\/><input type=\"hidden\" name=\"title\" value=\"\" id=\"title_512\"\/><input type=\"hidden\" name=\"filter\" value=\"yes\" id=\"filter_512\"\/><input type=\"hidden\" name=\"filter_type\" value=\"dropdown\" id=\"filter_type_512\"\/><input type=\"hidden\" name=\"count_display\" value=\"\" id=\"count_display_512\"\/><input type=\"hidden\" name=\"sort_filter\" value=\"\" id=\"sort_filter_512\"\/><input type=\"hidden\" name=\"grid_columns_count_for_desktop\" value=\"svc-col-md-4\" id=\"grid_columns_count_for_desktop_512\"\/><input type=\"hidden\" name=\"grid_columns_count_for_tablet\" value=\"svc-col-sm-6\" id=\"grid_columns_count_for_tablet_512\"\/><input type=\"hidden\" name=\"grid_columns_count_for_mobile\" value=\"svc-col-xs-12\" id=\"grid_columns_count_for_mobile_512\"\/><input type=\"hidden\" name=\"grid_link_target\" value=\"sw\" id=\"grid_link_target_512\"\/><input type=\"hidden\" name=\"grid_thumb_size\" value=\"357x400\" id=\"grid_thumb_size_512\"\/><input type=\"hidden\" name=\"effect\" value=\"\" id=\"effect_512\"\/><input type=\"hidden\" name=\"dimg_popup\" value=\"yes\" id=\"dimg_popup_512\"\/><input type=\"hidden\" name=\"dpost_popup\" value=\"yes\" id=\"dpost_popup_512\"\/><input type=\"hidden\" name=\"popup_bgcolor\" value=\"\" id=\"popup_bgcolor_512\"\/><input type=\"hidden\" name=\"popup_line_color\" value=\"\" id=\"popup_line_color_512\"\/><input type=\"hidden\" name=\"popup_max_width\" value=\"600\" id=\"popup_max_width_512\"\/><input type=\"hidden\" name=\"dfeatured\" value=\"yes\" id=\"dfeatured_512\"\/><input type=\"hidden\" name=\"dcategory\" value=\"\" id=\"dcategory_512\"\/><input type=\"hidden\" name=\"dexcerpt\" value=\"yes\" id=\"dexcerpt_512\"\/><input type=\"hidden\" name=\"svc_excerpt_length\" value=\"20\" id=\"svc_excerpt_length_512\"\/><input type=\"hidden\" name=\"dmeta_data\" value=\"yes\" id=\"dmeta_data_512\"\/><input type=\"hidden\" name=\"dsocial\" value=\"\" id=\"dsocial_512\"\/><input type=\"hidden\" name=\"read_more\" value=\"\" id=\"read_more_512\"\/><input type=\"hidden\" name=\"car_loadmore_text\" value=\"\" id=\"car_loadmore_text_512\"\/><input type=\"hidden\" name=\"synced\" value=\"\" id=\"synced_512\"\/><input type=\"hidden\" name=\"car_display_item\" value=\"4\" id=\"car_display_item_512\"\/><input type=\"hidden\" name=\"hide_showmore\" value=\"\" id=\"hide_showmore_512\"\/><input type=\"hidden\" name=\"load_more\" value=\"loadmore\" id=\"load_more_512\"\/><input type=\"hidden\" name=\"loadmore_text\" value=\"Show more\" id=\"loadmore_text_512\"\/><input type=\"hidden\" name=\"car_autoplay\" value=\"\" id=\"car_autoplay_512\"\/><input type=\"hidden\" name=\"car_autoplay_time\" value=\"5\" id=\"car_autoplay_time_512\"\/><input type=\"hidden\" name=\"car_pagination\" value=\"\" id=\"car_pagination_512\"\/><input type=\"hidden\" name=\"car_navigation\" value=\"\" id=\"car_navigation_512\"\/><input type=\"hidden\" name=\"car_pagination_num\" value=\"\" id=\"car_pagination_num_512\"\/><input type=\"hidden\" name=\"car_transition\" value=\"\" id=\"car_transition_512\"\/><input type=\"hidden\" name=\"synced_display\" value=\"10\" id=\"synced_display_512\"\/><input type=\"hidden\" name=\"popup_effect\" value=\"\" id=\"popup_effect_512\"\/><input type=\"hidden\" name=\"grid_layout_mode\" value=\"masonry\" id=\"grid_layout_mode_512\"\/>\t\t<input type=\"hidden\" name=\"_wpnonce \" value=\"51178\"\/>\n\t\t<input type=\"hidden\" name=\"paged\" value=\"1\" id=\"svc_paged_512\"\/>\n\t\t<input type=\"hidden\" name=\"total_paged\" value=\"0\" id=\"svc_total_paged_512\"\/>\n\t<\/form>\n\t\t\t<\/div>    \n\t<\/div>\n\t<script>\n\tvar wl = jQuery(window);\n\tjQuery(document).ready(function(){\n\t\tjQuery('.svc_load_more_512').click(function(event) {\n\t\t\tevent.preventDefault(event);\n\t\t\tjQuery('nav.svc_infinite_512 p').css('visibility','hidden');\n\t\t\tjQuery('nav.svc_infinite_512 div.loading-spinner').show();\n\t\t\tvar div_position=jQuery('#svc_form_load_more_512').position().top;\n\t\t\tjQuery('#svc_paged_512').val(Number(jQuery('#svc_paged_512').val())+1);\n\t\n\t\t\tvar params=jQuery('#svc_form_load_more_512').serialize();\n\t\t\tjQuery.ajax({\n\t\t\t\ttype: 'POST',\n\t\t\t\turl: 'https:\/\/afpinclusivegiving.ca\/wp-admin\/admin-ajax.php',\n\t\t\t\tdata:  params+'&action=svc_layout_post',\n\t\t\t\tsuccess: function(response) {\n\t\t\t\t\t\t\t\t\tisotop_callback(response,'');\n\t\t\t\t\t\t\t\t}\n\t\t\t});\n\t\t});\n\t\t\n\t\t\t\n\t\t\t\n\t\tvar container = jQuery('#svc_post_grid_512').imagesLoaded( function() {\n\t\t\tjQuery('#svc_post_grid_list_container_512').show();\n\t\t\tjQuery('#svc_mask_512').hide();\n\t\t\tsvc_imag_animation();\n\t\t\tcontainer.isotope({\n\t\t\t  itemSelector: '.element-item',\n\t\t\t  \t\t\t  filter: '*',\n\t\t\t  \t\t\t  layoutMode: 'masonry',\n\t\t\t  masonry: {\n\t\t\t\tcolumnWidth: 1\n\t\t\t  }\n\t\t\t  \t\t\t});\n\t\t\t\/\/var ic = 0;\n\t\t\t\/\/var ci = setInterval(function(){container.isotope();if(ic>10){clearInterval(ci);}ic++;},400);\n\t\t});\n\t\t\n\t\t\n\t\t\t\tvar filters = {};\n\t\t\t\tjQuery('#svc_categories_filter_5120').ddslick({\n\t\t\tonSelected: function(selectedData){\n\t\t\t\t\/\/var filterValue = selectedData.selectedData.value;\n\t\t\t\tvar filterValue = '';\n\t\t\t\tjQuery('.filter_child_divs_512').each(function(){\n\t\t\t\t\tvar v = jQuery(this).children('div').children('div').children('.dd-selected-value').val();\n\t\t\t\t\tif(typeof v != 'undefined' && v != '*'){\n\t\t\t\t\t\tfilterValue += v;\n\t\t\t\t\t}\n\t\t\t\t});\n\n  \t\t\t\tif(filterValue == '**' || filterValue == ''){\n\t\t\t\t\tfilterValue = '*';\n\t\t\t\t}\n\t\t\t\t\n\t\t\t\tcontainer.isotope({ filter: filterValue }).isotope();\n\t\t\t}   \n\t\t});\n\t\t\t\t\n\t\tfunction isotop_callback(response,view_filter){\n\t\t\tvar res = jQuery(response);\n\t\t\tres.imagesLoaded( function() {\n\t\t\t\tif(view_filter == 'yes'){\n\t\t\t\t\tcontainer.html('');\n\t\t\t\t}\n\t\t\t\t\t\t\t\tcontainer.isotope({transformsEnabled: false,isResizeBound: false,transitionDuration: 0}).isotope( 'insert',jQuery( response ) ).isotope({transformsEnabled: false,isResizeBound: false,transitionDuration: '0.8s'});\n\t\t\tsvc_imag_animation();\n\t\t\t\/\/var ic = 0;\n\t\t\t\/\/var ci = setInterval(function(){container.isotope();if(ic>8){clearInterval(ci);}ic++;},400);\n\t\t\t\t\n\t\t\t\tjQuery('#svc_infinite_512').val('0');\n\t\t\t\tif(jQuery('#svc_paged_512').val() == jQuery('#svc_total_paged_512').val()){\n\t\t\t\t\tjQuery('nav.svc_infinite_512').hide();\n\t\t\t\t\tjQuery('#svc_infinite_512').val('1');\n\t\t\t\t}\n\t\t\t\tjQuery('nav.svc_infinite_512 p').css('visibility','visible');\n\t\t\t\tjQuery('nav.svc_infinite_512 div.loading-spinner').hide(); \n\t\t\t\tjQuery('.svc_highres_512').magnificPopup({\n\t\t\t\t  type: 'image',\n\t\t\t\t  closeOnContentClick: false,\n\t\t\t\t  closeBtnInside: false\n\t\t\t\t});\n\t\t\t\t\n\t\t\t\tjQuery('.ajax-popup-link-512').magnificPopup({\n\t\t\t\t  type: 'ajax',\n\t\t\t\t  closeBtnInside:false,\n\t\t\t\t  \t\t\t\t});\n\t\t\t});\n\t\t}\n\tjQuery('.svc_highres_512').magnificPopup({\n\t\t  type: 'image',\n\t\t  closeOnContentClick: false,\n\t\t  closeBtnInside: false\n\t\t});\n\t\tjQuery('.ajax-popup-link-512').magnificPopup({\n\t\t  type: 'ajax',\n\t\t  closeBtnInside:false,\n\t\t  \t\t});\n\t});\n\t<\/script>\n[\/vc_column][\/vc_row]<\/p>\n<\/div>","protected":false},"excerpt":{"rendered":"<p>[vc_row][vc_column][\/vc_column][\/vc_row]<\/p>\n","protected":false},"author":1,"featured_media":0,"parent":0,"menu_order":0,"comment_status":"closed","ping_status":"closed","template":"","meta":{"footnotes":"","_expiration-date-status":"saved","_expiration-date":0,"_expiration-date-type":"","_expiration-date-categories":[],"_expiration-date-options":[]},"class_list":["post-123","page","type-page","status-publish","hentry"],"acf":[],"yoast_head":"<!-- This site is optimized with the Yoast SEO plugin v20.2.1 - https:\/\/yoast.com\/wordpress\/plugins\/seo\/ -->\n<title>Ressources - PROGRAMME DE BOURSES EN INCLUSION ET PHILANTHROPIE<\/title>\n<meta name=\"robots\" content=\"index, follow, max-snippet:-1, max-image-preview:large, max-video-preview:-1\" \/>\n<link rel=\"canonical\" href=\"https:\/\/afpinclusivegiving.ca\/fr\/ressources\/\" \/>\n<meta property=\"og:locale\" content=\"fr_FR\" \/>\n<meta property=\"og:type\" content=\"article\" \/>\n<meta property=\"og:title\" content=\"Ressources - PROGRAMME DE BOURSES EN INCLUSION ET PHILANTHROPIE\" \/>\n<meta property=\"og:description\" content=\"[vc_row][vc_column][\/vc_column][\/vc_row]\" \/>\n<meta property=\"og:url\" content=\"https:\/\/afpinclusivegiving.ca\/fr\/ressources\/\" \/>\n<meta property=\"og:site_name\" content=\"PROGRAMME DE BOURSES EN INCLUSION ET PHILANTHROPIE\" \/>\n<meta property=\"article:modified_time\" content=\"2019-04-08T14:35:59+00:00\" \/>\n<script type=\"application\/ld+json\" class=\"yoast-schema-graph\">{\"@context\":\"https:\/\/schema.org\",\"@graph\":[{\"@type\":\"WebPage\",\"@id\":\"https:\/\/afpinclusivegiving.ca\/fr\/ressources\/\",\"url\":\"https:\/\/afpinclusivegiving.ca\/fr\/ressources\/\",\"name\":\"Ressources - PROGRAMME DE BOURSES EN INCLUSION ET PHILANTHROPIE\",\"isPartOf\":{\"@id\":\"https:\/\/afpinclusivegiving.ca\/fr\/#website\"},\"datePublished\":\"2015-06-02T17:33:16+00:00\",\"dateModified\":\"2019-04-08T14:35:59+00:00\",\"breadcrumb\":{\"@id\":\"https:\/\/afpinclusivegiving.ca\/fr\/ressources\/#breadcrumb\"},\"inLanguage\":\"fr-FR\",\"potentialAction\":[{\"@type\":\"ReadAction\",\"target\":[\"https:\/\/afpinclusivegiving.ca\/fr\/ressources\/\"]}]},{\"@type\":\"BreadcrumbList\",\"@id\":\"https:\/\/afpinclusivegiving.ca\/fr\/ressources\/#breadcrumb\",\"itemListElement\":[{\"@type\":\"ListItem\",\"position\":1,\"name\":\"Home\",\"item\":\"https:\/\/afpinclusivegiving.ca\/fr\/\"},{\"@type\":\"ListItem\",\"position\":2,\"name\":\"Ressources\"}]},{\"@type\":\"WebSite\",\"@id\":\"https:\/\/afpinclusivegiving.ca\/fr\/#website\",\"url\":\"https:\/\/afpinclusivegiving.ca\/fr\/\",\"name\":\"PROGRAMME DE BOURSES EN INCLUSION ET PHILANTHROPIE\",\"description\":\"\",\"potentialAction\":[{\"@type\":\"SearchAction\",\"target\":{\"@type\":\"EntryPoint\",\"urlTemplate\":\"https:\/\/afpinclusivegiving.ca\/fr\/?s={search_term_string}\"},\"query-input\":\"required name=search_term_string\"}],\"inLanguage\":\"fr-FR\"}]}<\/script>\n<!-- \/ Yoast SEO plugin. -->","yoast_head_json":{"title":"Ressources - PROGRAMME DE BOURSES EN INCLUSION ET PHILANTHROPIE","robots":{"index":"index","follow":"follow","max-snippet":"max-snippet:-1","max-image-preview":"max-image-preview:large","max-video-preview":"max-video-preview:-1"},"canonical":"https:\/\/afpinclusivegiving.ca\/fr\/ressources\/","og_locale":"fr_FR","og_type":"article","og_title":"Ressources - PROGRAMME DE BOURSES EN INCLUSION ET PHILANTHROPIE","og_description":"[vc_row][vc_column][\/vc_column][\/vc_row]","og_url":"https:\/\/afpinclusivegiving.ca\/fr\/ressources\/","og_site_name":"PROGRAMME DE BOURSES EN INCLUSION ET PHILANTHROPIE","article_modified_time":"2019-04-08T14:35:59+00:00","schema":{"@context":"https:\/\/schema.org","@graph":[{"@type":"WebPage","@id":"https:\/\/afpinclusivegiving.ca\/fr\/ressources\/","url":"https:\/\/afpinclusivegiving.ca\/fr\/ressources\/","name":"Ressources - PROGRAMME DE BOURSES EN INCLUSION ET PHILANTHROPIE","isPartOf":{"@id":"https:\/\/afpinclusivegiving.ca\/fr\/#website"},"datePublished":"2015-06-02T17:33:16+00:00","dateModified":"2019-04-08T14:35:59+00:00","breadcrumb":{"@id":"https:\/\/afpinclusivegiving.ca\/fr\/ressources\/#breadcrumb"},"inLanguage":"fr-FR","potentialAction":[{"@type":"ReadAction","target":["https:\/\/afpinclusivegiving.ca\/fr\/ressources\/"]}]},{"@type":"BreadcrumbList","@id":"https:\/\/afpinclusivegiving.ca\/fr\/ressources\/#breadcrumb","itemListElement":[{"@type":"ListItem","position":1,"name":"Home","item":"https:\/\/afpinclusivegiving.ca\/fr\/"},{"@type":"ListItem","position":2,"name":"Ressources"}]},{"@type":"WebSite","@id":"https:\/\/afpinclusivegiving.ca\/fr\/#website","url":"https:\/\/afpinclusivegiving.ca\/fr\/","name":"PROGRAMME DE BOURSES EN INCLUSION ET PHILANTHROPIE","description":"","potentialAction":[{"@type":"SearchAction","target":{"@type":"EntryPoint","urlTemplate":"https:\/\/afpinclusivegiving.ca\/fr\/?s={search_term_string}"},"query-input":"required name=search_term_string"}],"inLanguage":"fr-FR"}]}},"_links":{"self":[{"href":"https:\/\/afpinclusivegiving.ca\/fr\/wp-json\/wp\/v2\/pages\/123","targetHints":{"allow":["GET"]}}],"collection":[{"href":"https:\/\/afpinclusivegiving.ca\/fr\/wp-json\/wp\/v2\/pages"}],"about":[{"href":"https:\/\/afpinclusivegiving.ca\/fr\/wp-json\/wp\/v2\/types\/page"}],"author":[{"embeddable":true,"href":"https:\/\/afpinclusivegiving.ca\/fr\/wp-json\/wp\/v2\/users\/1"}],"replies":[{"embeddable":true,"href":"https:\/\/afpinclusivegiving.ca\/fr\/wp-json\/wp\/v2\/comments?post=123"}],"version-history":[{"count":2,"href":"https:\/\/afpinclusivegiving.ca\/fr\/wp-json\/wp\/v2\/pages\/123\/revisions"}],"predecessor-version":[{"id":1937,"href":"https:\/\/afpinclusivegiving.ca\/fr\/wp-json\/wp\/v2\/pages\/123\/revisions\/1937"}],"wp:attachment":[{"href":"https:\/\/afpinclusivegiving.ca\/fr\/wp-json\/wp\/v2\/media?parent=123"}],"curies":[{"name":"wp","href":"https:\/\/api.w.org\/{rel}","templated":true}]}}