{"id":1542,"date":"2018-05-31T08:31:41","date_gmt":"2018-05-31T12:31:41","guid":{"rendered":"https:\/\/afpinclusivegiving.ca\/fr\/?page_id=1542"},"modified":"2018-05-31T08:33:11","modified_gmt":"2018-05-31T12:33:11","slug":"boursieres-2015","status":"publish","type":"page","link":"https:\/\/afpinclusivegiving.ca\/fr\/a-propos\/boursieres-2015\/","title":{"rendered":"Boursier(e)s 2015"},"content":{"rendered":"<div class=\"wpb-content-wrapper\"><p>[vc_row][vc_column]<link rel=\"stylesheet\" href=\"https:\/\/afpinclusivegiving.ca\/wp-content\/plugins\/indeed-my-team-vc\/themes\/theme_3\/style.css\" type=\"text\/css\" media=\"all\"><link rel=\"stylesheet\" href=\"https:\/\/afpinclusivegiving.ca\/wp-content\/plugins\/indeed-my-team-vc\/layouts\/style_f8ba01.css\" type=\"text\/css\" media=\"all\"><style>\n    \t\t\t\t\t\t@media only screen and (max-width: 479px) {\n    \t\t\t\t\t\t\t#indeed_carousel_view_widget_8911 ul li{\n    \t\t\t\t\t\t\t\twidth: calc(100% - 1px) !important;\n    \t\t\t\t\t\t\t}\n    \t\t\t\t\t\t}\n    \t\t\t\t\t\n    \t\t\t\t\t\t@media only screen and (min-width: 480px) and (max-width: 767px){\n    \t\t\t\t\t\t\t#indeed_carousel_view_widget_8911 ul li{\n    \t\t\t\t\t\t\t\twidth: calc(50% - 1px) !important;\n    \t\t\t\t\t\t\t}\n    \t\t\t\t\t\t}\n    \t\t\t\t\t.member-desc {\r\ncolor: #444444 !important;\r\nfont-size:110% !important;\r\nfont-family:\\\\\\'Open Sans\\\\\\', sans-serif !important;\r\n}\r\n\r\n.theme_3 .member-name a {\r\ncolor: #444444 !important;\r\nfont-size:90% !important;\r\nfont-family:\\\\\\'Open Sans\\\\\\', sans-serif !important;\r\n}\r\n<\/style><style>\n\t\t\t\t\t .style_f8ba01 .owl-theme .owl-dots .owl-dot.active span, .style_f8ba01  .owl-theme .owl-dots .owl-dot:hover span { background: #f8ba01 !important; }\n\t\t\t\t\t .style_f8ba01 .pag-theme1 .owl-theme .owl-nav [class*=\"owl-\"]:hover{ background-color: #f8ba01; }\n\t\t\t\t\t .style_f8ba01 .pag-theme2 .owl-theme .owl-nav [class*=\"owl-\"]:hover{ color: #f8ba01; }\n\t\t\t\t\t .style_f8ba01 .pag-theme3 .owl-theme .owl-nav [class*=\"owl-\"]:hover{ background-color: #f8ba01;}<\/style><div class='style_f8ba01'><div class='theme_3 pag-theme1'><div class='ict_wrapp'><div class='ict_content_cl' id='indeed_carousel_view_widget_8911' ><ul id='indeed_ul_8911_1' class=''><li style='width: calc(25% - 1px)'>\n<div class=\"team-member\">\n<div class=\"member-img\">\n <a >\n <img decoding=\"async\" title=\"Rebecka Abotossaway\" src=\"https:\/\/afpinclusivegiving.ca\/wp-content\/uploads\/2015\/08\/rebecka-abotossaway.jpg\" alt=\"\"\/>\n <\/a>\n <div class=\"member-social\">\n\t\n  <\/div>\n<\/div>\n<div class=\"member-content\">\n<div class=\"member-name\">\n<a >\nRebecka Abotossaway\n<\/a>\n<\/div>\t\n<div class=\"member-job\">\n\n <\/div>\n<div class=\"member-desc\">\nRebecka est fi\u00e8re d\u2019\u00eatre une femme autochtone membre de la Premi\u00e8re Nation Aundeck Omni Kaning, une toute petite r\u00e9serve situ\u00e9e au Nord de l\u2019Ontario. Rebecka a r\u00e9cemment obtenu son dipl\u00f4me avec distinction du programme Social Service Worker (AEI) Aboriginal Emphasis du coll\u00e8ge Sir Sandford Fleming. Il fait huit ans qu\u2019elle a quitt\u00e9 le foyer. Elle savait que la vie ne se r\u00e9duisait pas aux confins de sa communaut\u00e9, et elle est donc partie explorer les grandes opportunit\u00e9s que la vie lui offrait. Son but principale \u00e9tait de faire des \u00e9tudes afin d\u2019appuyer les jeunes Autochtones \u00e0 surmonter les obstacles auxquels ils sont confront\u00e9s dans la soci\u00e9t\u00e9 actuelle. Au mois de mai 2015, Rebecka a commenc\u00e9 \u00e0 travailler au sein de l\u2019\u00e9quipe de d\u00e9veloppement chez Indspire. Dans ses postes ant\u00e9rieurs, elle a travaill\u00e9 avec les jeunes, les enfants et les a\u00een\u00e9s. Nouvellement dipl\u00f4m\u00e9e, elle aimerait acqu\u00e9rir autant d\u2019exp\u00e9rience que possible au sein du secteur \u00e0 but non-lucratif, et estime que ce programme est une occasion en or additionnelle afin d\u2019achever ses buts \u00e9ducationnels.\n<\/div>\n<div class=\"member-email\">\n\n<\/div>\n<div class=\"member-web\">\n\n<\/div>\n<div class=\"member-phone\">\n\n<\/div>\n<div class=\"member-location\">\n\n<\/div>\n<div class=\"member-skills-wrapper\">\n    \n<\/div>\n<\/div>\n<\/li><li style='width: calc(25% - 1px)'>\n<div class=\"team-member\">\n<div class=\"member-img\">\n <a >\n <img decoding=\"async\" title=\"Salomeh Ahmadi\" src=\"https:\/\/afpinclusivegiving.ca\/wp-content\/uploads\/2015\/08\/salomeh-ahmadi.jpg\" alt=\"\"\/>\n <\/a>\n <div class=\"member-social\">\n\t<a href=\"http:\/\/www.twitter.com\/SalomehA\" class=\"twitter\" target=\"_blank\"><i class=\"icont-twitter-2\"><\/i><\/a>\n  <\/div>\n<\/div>\n<div class=\"member-content\">\n<div class=\"member-name\">\n<a >\nSalomeh Ahmadi\n<\/a>\n<\/div>\t\n<div class=\"member-job\">\n\n <\/div>\n<div class=\"member-desc\">\nSalomeh Ahmadi est une b\u00e2tisseuse communautaire cr\u00e9ative qui travaille dans le domaine du d\u00e9veloppement communautaire depuis plus de six ans. Sa passion est la mobilisation et l\u2019habilitation des communaut\u00e9s afin de d\u00e9bloquer des opportunit\u00e9s. Elle profite de la collaboration et la cr\u00e9ativit\u00e9 pour trouver de nouvelles solutions aux probl\u00e8mes complexes. Elle a fond\u00e9 le groupe Rexdale Lab, travaille actuellement chez Passeport pour ma r\u00e9ussite et si\u00e8ge au conseil de Lakeshore Arts et \u00e0 titre consultatif chez AVNU.ca. De plus, Salomeh organise et facilite des ateliers, des consultations, et le partage des ressources afin d\u2019augmenter l\u2019efficacit\u00e9 des processus dans diff\u00e9rents domaines du secteur \u00e0 but non-lucratif, et cherche \u00e0 contribuer \u00e0 l\u2019\u00e9panouissement des causes sociales. Vous pouvez la retrouver sur Twitter: <a href=\"http:\/\/www.twitter.com\/SalomehA\" target=\"_blank\">@SalomehA<\/a>\n<\/div>\n<div class=\"member-email\">\n\n<\/div>\n<div class=\"member-web\">\n\n<\/div>\n<div class=\"member-phone\">\n\n<\/div>\n<div class=\"member-location\">\n\n<\/div>\n<div class=\"member-skills-wrapper\">\n    \n<\/div>\n<\/div>\n<\/li><li style='width: calc(25% - 1px)'>\n<div class=\"team-member\">\n<div class=\"member-img\">\n <a >\n <img decoding=\"async\" title=\"Charlie Andrews\" src=\"https:\/\/afpinclusivegiving.ca\/wp-content\/uploads\/2015\/08\/charlie-andrews.jpg\" alt=\"\"\/>\n <\/a>\n <div class=\"member-social\">\n\t\n  <\/div>\n<\/div>\n<div class=\"member-content\">\n<div class=\"member-name\">\n<a >\nCharlie Andrews\n<\/a>\n<\/div>\t\n<div class=\"member-job\">\n\n <\/div>\n<div class=\"member-desc\">\nCharlie Andrews est conseill\u00e8re artistique, artiste multidisciplinaire, et gestionnaire d\u2019une organisation sans but lucratif. Avec une vaste exp\u00e9rience, elle assume pr\u00e9sentement le r\u00f4le de directrice g\u00e9n\u00e9rale de Singing Out (la chorale LGBTQ+ de Toronto). Charlie est une musicienne d\u2019orchestre, et a exerc\u00e9 son m\u00e9tier comme pigiste partout en Ontario. Elle a jou\u00e9 avec Sudbury Symphony Orchestra, Sault Ste. Marie Symphony, Celebrity Symphony, entre autres. \u00c0 part la musique, Charlie es une artiste abstraite, compositrice\/arrangeuse. Elle s\u2019est vue d\u00e9cerner le prestigieux prix Nirvan Bhavan Fellowship, en plus d\u2019\u00eatre laur\u00e9ate du titre \u00ab Top 40 Under Forty Award \u00bb. Pour en savoir plus ou communiquer avec elle directement, visitez son site : <a href=\"http:\/\/www.charlieandrews.ca\" target=\"_blank\">www.charlieandrews.ca<\/a>\n<\/div>\n<div class=\"member-email\">\n\n<\/div>\n<div class=\"member-web\">\n\n<\/div>\n<div class=\"member-phone\">\n\n<\/div>\n<div class=\"member-location\">\n\n<\/div>\n<div class=\"member-skills-wrapper\">\n    \n<\/div>\n<\/div>\n<\/li><li style='width: calc(25% - 1px)'>\n<div class=\"team-member\">\n<div class=\"member-img\">\n <a >\n <img decoding=\"async\" title=\"Cheryl Blackman\" src=\"https:\/\/afpinclusivegiving.ca\/wp-content\/uploads\/2015\/08\/cheryl-blackman.jpg\" alt=\"\"\/>\n <\/a>\n <div class=\"member-social\">\n\t\n  <\/div>\n<\/div>\n<div class=\"member-content\">\n<div class=\"member-name\">\n<a >\nCheryl Blackman\n<\/a>\n<\/div>\t\n<div class=\"member-job\">\n\n <\/div>\n<div class=\"member-desc\">\nCheryl est vice-pr\u00e9sidente adjointe au public au sein du Mus\u00e9e royal de l\u2019Ontario (ROM). Elle assume les responsabilit\u00e9s li\u00e9es \u00e0 garantir une bonne exp\u00e9rience, \u00e0 la gestion de l\u2019entr\u00e9e principale et \u00e0 la recherche sur le public. Cheryl est le point de contact principal pour plus de 1300 b\u00e9n\u00e9voles, et dirige le R\u00e9seau d\u2019acc\u00e8s communautaire du ROM lequel, sous sa direction, compte d\u00e9sormais plus de 40 partenariats avec des groupes du Grand Toronto. Gr\u00e2ce \u00e0 son leadership et son engagement en faveur de l\u2019inclusion cette section est devenue un grand succ\u00e8s au mus\u00e9e. En outre, ce dernier atteint des niveaux de satisfaction \u00e9lev\u00e9s parmi les visiteurs et remporte des prix pour son innovation dans tous les aspects de l\u2019acc\u00e8s et le renforcement des collectivit\u00e9s.\r\n\n<\/div>\n<div class=\"member-email\">\n\n<\/div>\n<div class=\"member-web\">\n\n<\/div>\n<div class=\"member-phone\">\n\n<\/div>\n<div class=\"member-location\">\n\n<\/div>\n<div class=\"member-skills-wrapper\">\n    \n<\/div>\n<\/div>\n<\/li><li style='width: calc(25% - 1px)'>\n<div class=\"team-member\">\n<div class=\"member-img\">\n <a >\n <img decoding=\"async\" title=\"Tania Cheng\" src=\"https:\/\/afpinclusivegiving.ca\/wp-content\/uploads\/2015\/08\/tania-cheng.jpg\" alt=\"\"\/>\n <\/a>\n <div class=\"member-social\">\n\t\n  <\/div>\n<\/div>\n<div class=\"member-content\">\n<div class=\"member-name\">\n<a >\nTania Cheng\n<\/a>\n<\/div>\t\n<div class=\"member-job\">\n\n <\/div>\n<div class=\"member-desc\">\nTania Cheng est gestionnaire des op\u00e9rations et du d\u00e9veloppement chez \u00c9co\u00c9coles de l\u2019Ontario, un organisme qui offre des services d\u2019\u00e9ducation et de certification \u00e9cologiques \u00e0 un r\u00e9seau de plus de 1750 \u00e9coles dans la province. Dans ce r\u00f4le, Tania est charg\u00e9e de la lev\u00e9e de fonds, la planification strat\u00e9gique, le d\u00e9veloppement organisationnel, et l\u2019\u00e9valuation des programmes. Elle est titulaire d\u2019un baccalaur\u00e9at en \u00e9tudes environnementales avec distinction de l\u2019Universit\u00e9 de Waterloo et termine \u00e0 pr\u00e9sent sa ma\u00eetrise en leadership d\u2019organismes philanthropiques et sans but lucratif \u00e0 l\u2019Universit\u00e9 Carleton. Depuis 2011, elle si\u00e8ge au conseil d\u2019administration du Projet Otesha, un organisme caritatif qui combine des tours \u00e0 v\u00e9lo et le th\u00e9\u00e2tre afin de promouvoir la sensibilisation aux questions de la durabilit\u00e9 environnementale au Canada. Tania est une passionn\u00e9e de l\u2019innovation sociale, le leadership des jeunes, la durabilit\u00e9 environnementale, la justice sociale, la diversit\u00e9 et l\u2019inclusion, et le design. Elle aspire \u00e0 r\u00e9volutionner le secteur \u00e0 but non-lucratif et \u00e0 renforcer les capacit\u00e9s des organismes qui affectent la situation sociale afin de participer \u00e0 la cr\u00e9ation d\u2019un monde meilleur.\n<\/div>\n<div class=\"member-email\">\n\n<\/div>\n<div class=\"member-web\">\n\n<\/div>\n<div class=\"member-phone\">\n\n<\/div>\n<div class=\"member-location\">\n\n<\/div>\n<div class=\"member-skills-wrapper\">\n    \n<\/div>\n<\/div>\n<\/li><li style='width: calc(25% - 1px)'>\n<div class=\"team-member\">\n<div class=\"member-img\">\n <a >\n <img decoding=\"async\" title=\"Frankie Chow\" src=\"https:\/\/afpinclusivegiving.ca\/wp-content\/uploads\/2015\/08\/frankie-chow.jpg\" alt=\"\"\/>\n <\/a>\n <div class=\"member-social\">\n\t\n  <\/div>\n<\/div>\n<div class=\"member-content\">\n<div class=\"member-name\">\n<a >\nFrankie Chow\n<\/a>\n<\/div>\t\n<div class=\"member-job\">\n\n <\/div>\n<div class=\"member-desc\">\nFrankie Chow est un donneur et collecteur de fonds passionn\u00e9 avec plus de 4 ans d\u2019exp\u00e9rience au sein des organisations \u00e0 but non-lucratif. Ayant fait du b\u00e9n\u00e9volat et particip\u00e9 aux activit\u00e9s philanthropiques pendant toute sa vie, Frankie a poursuit sa carri\u00e8re en Gestion de collecte de fonds \u00e0 Humber College. Attir\u00e9 par tout ce qui est digital, technique, et social, Frankie s\u2019int\u00e9resse aux m\u00e9dias sociaux, au marketing num\u00e9rique, et \u00e0 la technologie de base afin d\u2019appuyer les campagnes de collecte de fonds ax\u00e9es sur les donn\u00e9es. Pr\u00e9sentement Frankie est coordinateur aux base de donn\u00e9es et analytiques chez Southlake Regional Health Centre Foundation. Il a aussi d\u00e9tenu des postes chez Hospice Toronto, Belmont House, et Villa Charities. De m\u00eame, Frankie s\u2019implique aupr\u00e8s de la communaut\u00e9 des professionnels en collecte de fonds en tant que b\u00e9n\u00e9vole au sein des conf\u00e9rences visant \u00e0 fournir des opportunit\u00e9s de r\u00e9seautage et d\u2019apprentissage pour ses coll\u00e8gues du secteur, tels que Be Good Be Social \u00e0 Toronto et dans la r\u00e9gion de York. Frankie se r\u00e9jouit de faire partie du Programme de perfectionnement professionnel en inclusion en et philanthropie et d\u2019avoir l\u2019opportunit\u00e9 d\u2019\u00e9valuer les fa\u00e7ons de rapprocher la communaut\u00e9 chinoise et la passion canadienne pour la philanthropie.\n<\/div>\n<div class=\"member-email\">\n\n<\/div>\n<div class=\"member-web\">\n\n<\/div>\n<div class=\"member-phone\">\n\n<\/div>\n<div class=\"member-location\">\n\n<\/div>\n<div class=\"member-skills-wrapper\">\n    \n<\/div>\n<\/div>\n<\/li><li style='width: calc(25% - 1px)'>\n<div class=\"team-member\">\n<div class=\"member-img\">\n <a >\n <img decoding=\"async\" title=\"Eugenia Duodu\" src=\"https:\/\/afpinclusivegiving.ca\/wp-content\/uploads\/2015\/08\/eugenia-duodu.jpg\" alt=\"\"\/>\n <\/a>\n <div class=\"member-social\">\n\t\n  <\/div>\n<\/div>\n<div class=\"member-content\">\n<div class=\"member-name\">\n<a >\nEugenia Duodu\n<\/a>\n<\/div>\t\n<div class=\"member-job\">\n\n <\/div>\n<div class=\"member-desc\">\nEugenia Duodu est titulaire d\u2019un doctorat en chimie de l\u2019Universit\u00e9 de Toronto et sa passion inestimable \u00e0 l\u2019\u00e9gard de la diversit\u00e9 et la collaboration au sein des communaut\u00e9s alimente son d\u00e9vouement au d\u00e9veloppement et \u00e0 la mobilisation communautaires. Eugenia pr\u00e9side \u00e9galement une organisation scientifique ax\u00e9e sur la communaut\u00e9, Visions of Science Network for Learning qui vise \u00e0 renforcer l\u2019acc\u00e8s des jeunes marginalis\u00e9s aux sciences, aux technologies, au g\u00e9nie et aux math\u00e9matiques. Au niveau mondial, elle a fait partie de plusieurs initiatives communautaires internationales en Uganda, Tanzanie, Ghana, Jama\u00efque et Trinit\u00e9-et-Tobago. Elle voudrait laisser son empreinte \u00e0 travers tout ce qu\u2019elle est parvenue \u00e0 obtenir mais aussi \u00e0 travers tout ce qu\u2019elle a fait pour sa communaut\u00e9 et pour la communaut\u00e9 internationale en g\u00e9n\u00e9ral.\n<\/div>\n<div class=\"member-email\">\n\n<\/div>\n<div class=\"member-web\">\n\n<\/div>\n<div class=\"member-phone\">\n\n<\/div>\n<div class=\"member-location\">\n\n<\/div>\n<div class=\"member-skills-wrapper\">\n    \n<\/div>\n<\/div>\n<\/li><li style='width: calc(25% - 1px)'>\n<div class=\"team-member\">\n<div class=\"member-img\">\n <a >\n <img decoding=\"async\" title=\"Toni Francis\" src=\"https:\/\/afpinclusivegiving.ca\/wp-content\/uploads\/2015\/08\/toni-francis.jpg\" alt=\"\"\/>\n <\/a>\n <div class=\"member-social\">\n\t\n  <\/div>\n<\/div>\n<div class=\"member-content\">\n<div class=\"member-name\">\n<a >\nToni Francis\n<\/a>\n<\/div>\t\n<div class=\"member-job\">\n\n <\/div>\n<div class=\"member-desc\">\nToni Francis est n\u00e9e et a grandi au Cap, Afrique du Sud, avant d\u2019immigrer au Canada en 2001. D\u00e8s son plus jeune \u00e2ge elle a \u00e9t\u00e9 passionn\u00e9e par le service aux personnes marginalis\u00e9es et sans ressources, ayant commenc\u00e9 son b\u00e9n\u00e9volat \u00e0 l\u2019\u00e9cole primaire avec le Rotary club local. Depuis son immigration au Canada, sa formation, sa vie professionnelle et son b\u00e9n\u00e9volat ont \u00e9t\u00e9 li\u00e9s \u00e0 renforcer les capacit\u00e9s et la responsabilisation des communaut\u00e9s margin\u00e9es tels que les femmes et les enfants victimes de violence, les personnes dont le statut d\u2019immigration est pr\u00e9caire, les nouveaux arrivants et les immigrants, et ceux qui ont recours au syst\u00e8me d\u2019aide sociale, avec un int\u00e9r\u00eat particulier sur l\u2019\u00e9quit\u00e9, les ressources, l\u2019appui, les services et les politiques. Au cours des derni\u00e8res ann\u00e9es, Toni s\u2019est impliqu\u00e9e aupr\u00e8s des organismes \u00e0 but non-lucratif et de service social o\u00f9 elle a coordonn\u00e9 des campagnes \u00e9ducatives, de communication, et de sensibilisation et mobilisation de la communaut\u00e9. Dans son plus r\u00e9cent poste en tant que coordinatrice du Peel Committee against Woman Abuse (PCAWA), Toni coordonnait une r\u00e9ponse int\u00e9grale et effective \u00e0 la violence contre les femmes dans la r\u00e9gion de Peel. Ses responsabilit\u00e9s incluaient la r\u00e9daction de demandes de subvention, la gestion des projets financ\u00e9s, la planification d\u2019\u00e9v\u00e8nements de sensibilisation, la gestion du personnel et des b\u00e9n\u00e9voles, et les partenariats avec d\u2019autres organismes qui luttent pour l\u2019\u00e9quit\u00e9 en Ontario. Toni voudrait acqu\u00e9rir une expertise en collecte de fonds, en strat\u00e9gie et services-conseils en philanthropie, en programmes communautaires innovateurs, et en investissement d\u2019impact social. Toni d\u00e9tient une ma\u00eetrise en \u00e9tudes f\u00e9minines, et un baccalaur\u00e9at en communication et en d\u00e9veloppement international de l\u2019Universit\u00e9 York.\n<\/div>\n<div class=\"member-email\">\n\n<\/div>\n<div class=\"member-web\">\n\n<\/div>\n<div class=\"member-phone\">\n\n<\/div>\n<div class=\"member-location\">\n\n<\/div>\n<div class=\"member-skills-wrapper\">\n    \n<\/div>\n<\/div>\n<\/li><li style='width: calc(25% - 1px)'>\n<div class=\"team-member\">\n<div class=\"member-img\">\n <a >\n <img decoding=\"async\" title=\"Melodie Gabriel\" src=\"https:\/\/afpinclusivegiving.ca\/wp-content\/uploads\/2015\/08\/melodie-gabriel.jpg\" alt=\"\"\/>\n <\/a>\n <div class=\"member-social\">\n\t<a href=\"https:\/\/twitter.com\/melodiegabriel\" class=\"twitter\" target=\"_blank\"><i class=\"icont-twitter-2\"><\/i><\/a><a href=\"http:\/\/ca.linkedin.com\/in\/melodiegabriel\" class=\"linkedin\" target=\"_blank\"><i class=\"icont-linkedin\"><\/i><\/a>\n  <\/div>\n<\/div>\n<div class=\"member-content\">\n<div class=\"member-name\">\n<a >\nMelodie Gabriel\n<\/a>\n<\/div>\t\n<div class=\"member-job\">\n\n <\/div>\n<div class=\"member-desc\">\nMelodie est n\u00e9e et a grandi \u00e0 Scarborough, Ontario. Elle a fait ses \u00e9tudes \u00e0 l\u2019Universit\u00e9 de Toronto, et d\u00e9die sa vie professionnelle au secteur \u00e0 but non-lucratif. Depuis 2012, Melodie s\u2019engage aupr\u00e8s de Catholic Near East Welfare Association (CNEWA). Cet organisme d\u2019Ottawa, appuie les chr\u00e9tiens et des \u00e9glises d\u2019Orient, principalement au Moyen-Orient. \u00c0 titre d\u2019agente de d\u00e9veloppement, elle met en \u0153uvre des diverses activit\u00e9s de lev\u00e9e de fonds, et pr\u00e9sente de l\u2019information \u00e0 propos du travail international de CNEWA. Auparavant, M\u00e9lodie faisait du b\u00e9n\u00e9volat et travaillait au sein de NET Ministries of Canada. Melodie est une b\u00e9n\u00e9vole engag\u00e9e dans plusieurs initiatives o\u00f9 elle partage ses talents musicaux et participe aux activit\u00e9s de mentorat des jeunes adultes. Elle est passionn\u00e9ment d\u00e9termin\u00e9e \u00e0 faire une diff\u00e9rence pour ceux qui l\u2019entourent. Vous pouvez la retrouver \u00e0 <a href=\"http:\/\/ca.linkedin.com\/in\/melodiegabriel\">http:\/\/ca.linkedin.com\/in\/melodiegabriel<\/a> et <a href=\"https:\/\/twitter.com\/melodiegabriel\">@melodiegabriel<\/a>.\n<\/div>\n<div class=\"member-email\">\n\n<\/div>\n<div class=\"member-web\">\n\n<\/div>\n<div class=\"member-phone\">\n\n<\/div>\n<div class=\"member-location\">\n\n<\/div>\n<div class=\"member-skills-wrapper\">\n    \n<\/div>\n<\/div>\n<\/li><li style='width: calc(25% - 1px)'>\n<div class=\"team-member\">\n<div class=\"member-img\">\n <a >\n <img decoding=\"async\" title=\"Tania Hossain\" src=\"https:\/\/afpinclusivegiving.ca\/wp-content\/uploads\/2015\/08\/tania-hossain.jpg\" alt=\"\"\/>\n <\/a>\n <div class=\"member-social\">\n\t\n  <\/div>\n<\/div>\n<div class=\"member-content\">\n<div class=\"member-name\">\n<a >\nTania Hossain\n<\/a>\n<\/div>\t\n<div class=\"member-job\">\n\n <\/div>\n<div class=\"member-desc\">\nAyant grandi en Asie du Sud et au Moyen Orient, Tania a pu constater la pauvret\u00e9 et la marginalisation \u00e9tant elle-m\u00eame sur place. C\u2019est gr\u00e2ce \u00e0 ses exp\u00e9riences \u00e0 l\u2019\u00e9tranger qu\u2019elle a compris l\u2019importance de redonner aux autres. Tania a d\u00e9tenu un poste de conf\u00e9renci\u00e8re pour la sensibilisation dans un organisme de d\u00e9veloppement international, a travaill\u00e9 au sein d\u2019une soci\u00e9t\u00e9 d\u2019experts-conseils qui appuie des organismes caritatifs avec leurs campagnes de financement, et a occup\u00e9 le poste de leader de jeunes et mentor pour des immigrants et r\u00e9fugi\u00e9s dans un organisme de jeunes pendant deux ans. Pr\u00e9sentement elle s\u2019engage aupr\u00e8s de Humber River Hospital et de ses donneurs dans une campagne de 225 millions de dollars afin de construire le premier h\u00f4pital enti\u00e8rement num\u00e9rique en Am\u00e9rique du Nord.\n<\/div>\n<div class=\"member-email\">\n\n<\/div>\n<div class=\"member-web\">\n\n<\/div>\n<div class=\"member-phone\">\n\n<\/div>\n<div class=\"member-location\">\n\n<\/div>\n<div class=\"member-skills-wrapper\">\n    \n<\/div>\n<\/div>\n<\/li><li style='width: calc(25% - 1px)'>\n<div class=\"team-member\">\n<div class=\"member-img\">\n <a >\n <img decoding=\"async\" title=\"Mam Joof\" src=\"https:\/\/afpinclusivegiving.ca\/wp-content\/uploads\/2015\/08\/mam-joof.jpg\" alt=\"\"\/>\n <\/a>\n <div class=\"member-social\">\n\t\n  <\/div>\n<\/div>\n<div class=\"member-content\">\n<div class=\"member-name\">\n<a >\nMam Joof\n<\/a>\n<\/div>\t\n<div class=\"member-job\">\n\n <\/div>\n<div class=\"member-desc\">\nMam Joof \u0153uvre dans le domaine de collecte de fonds chez la Fondation des maladies du c\u0153ur et de l\u2019AVC depuis plus d\u2019un an en tant que coordinatrice de services aux donneurs aupr\u00e8s du programme de Philanthropic Direct Marketing. Auparavant, elle travaillait \u00e0 l\u2019ex\u00e9cution de l\u2019Initiative d\u2019acc\u00e8s \u00e0 la d\u00e9fibrillation de l\u2019Ontario, un projet qui profitait du partenariat entre la Fondation et le Gouvernement de l\u2019Ontario afin d\u2019am\u00e9liorer la sant\u00e9 cardiaque et de renforcer la sensibilisation en Ontario. Elle a la passion du d\u00e9veloppement des politiques et des pratiques en diversit\u00e9 et inclusion au sein du secteur \u00e0 but non-lucratif.\n<\/div>\n<div class=\"member-email\">\n\n<\/div>\n<div class=\"member-web\">\n\n<\/div>\n<div class=\"member-phone\">\n\n<\/div>\n<div class=\"member-location\">\n\n<\/div>\n<div class=\"member-skills-wrapper\">\n    \n<\/div>\n<\/div>\n<\/li><li style='width: calc(25% - 1px)'>\n<div class=\"team-member\">\n<div class=\"member-img\">\n <a >\n <img decoding=\"async\" title=\"Mimosa Kabir\" src=\"https:\/\/afpinclusivegiving.ca\/wp-content\/uploads\/2015\/08\/mimosa-kabir.jpg\" alt=\"\"\/>\n <\/a>\n <div class=\"member-social\">\n\t\n  <\/div>\n<\/div>\n<div class=\"member-content\">\n<div class=\"member-name\">\n<a >\nMimosa Kabir\n<\/a>\n<\/div>\t\n<div class=\"member-job\">\n\n <\/div>\n<div class=\"member-desc\">\nPr\u00e9sentement, Mimosa agit \u00e0 titre de gestionnaire de d\u00e9veloppement chez Soulpepper Theatre. Une fois termin\u00e9 son programme en Gestion de collecte de fonds \u00e0 Humber College, Mimosa a commenc\u00e9 sa carri\u00e8re en \u00e9v\u00e9nements sp\u00e9ciaux et commandite au sein du secteur \u00e0 but non-lucratif. Mimosa est titulaire d\u2019un baccalaur\u00e9at avec distinction en d\u00e9veloppement international et histoire de Queen\u2019s University et poursuit pr\u00e9sentement sa ma\u00eetrise en communication \u00e0 l\u2019Universit\u00e9 de Leicester. Elle est consultante et animatrice chez l\u2019Institut de formation de jeunes porte-paroles. Mimosa est une lectrice avide, enthousiaste de la culture pop, aspirante globe-trotter et parfois bloggeuse.\n<\/div>\n<div class=\"member-email\">\n\n<\/div>\n<div class=\"member-web\">\n\n<\/div>\n<div class=\"member-phone\">\n\n<\/div>\n<div class=\"member-location\">\n\n<\/div>\n<div class=\"member-skills-wrapper\">\n    \n<\/div>\n<\/div>\n<\/li><li style='width: calc(25% - 1px)'>\n<div class=\"team-member\">\n<div class=\"member-img\">\n <a >\n <img decoding=\"async\" title=\"Sara Lebensold\" src=\"https:\/\/afpinclusivegiving.ca\/wp-content\/uploads\/2015\/08\/sara-lebensold.jpg\" alt=\"\"\/>\n <\/a>\n <div class=\"member-social\">\n\t\n  <\/div>\n<\/div>\n<div class=\"member-content\">\n<div class=\"member-name\">\n<a >\nSara Lebensold\n<\/a>\n<\/div>\t\n<div class=\"member-job\">\n\n <\/div>\n<div class=\"member-desc\">\nPr\u00e9sentement, Sara occupe le poste de coordinatrice du projet Autism Spectrum Disorder ConnectABILITY chez Autisme Ontario. Depuis 2012, elle assume des r\u00f4les de coordination de projets dans les domaines de technologie de l\u2019information, apprentissage en ligne, industrie cin\u00e9matographique, et collecte de fonds. Depuis l\u2019\u00e2ge de 17 ans, Sara s\u2019est impliqu\u00e9e aupr\u00e8s des demandes des peuples Autochtones en tant que chercheuse pour les revendications concernant les droits territoriaux et les droits de la personne. En 2010 elle a obtenu sa ma\u00eetrise en arch\u00e9ologie publique \u00e0 University College London, portant sur la \u00abcogestion \u00bb des ressources culturelles des Premi\u00e8res Nations en Ontario. Sara se consid\u00e8re chanceuse d\u2019avoir surv\u00e9cu une rencontre avec un ours polaire pendant une excavation \u00e0 Nunavut, et d\u2019avoir trouv\u00e9 un nouveau m\u00e9tier qui n\u2019exige pas qu\u2019on porte un fusil de chasse \u00e0 canons jumel\u00e9s. Sara se r\u00e9jouit de faire partie du Programme de perfectionnement professionnel en inclusion. Elle a h\u00e2te de rencontrer les participants et son mentor, et d\u2019en savoir plus sur le domaine de collecte de fonds. Sara habite \u00e0 Toronto et dans ses temps libres, elle chante avec The Annex Singers.\n<\/div>\n<div class=\"member-email\">\n\n<\/div>\n<div class=\"member-web\">\n\n<\/div>\n<div class=\"member-phone\">\n\n<\/div>\n<div class=\"member-location\">\n\n<\/div>\n<div class=\"member-skills-wrapper\">\n    \n<\/div>\n<\/div>\n<\/li><li style='width: calc(25% - 1px)'>\n<div class=\"team-member\">\n<div class=\"member-img\">\n <a >\n <img decoding=\"async\" title=\"Alana Liberman\" src=\"https:\/\/afpinclusivegiving.ca\/wp-content\/uploads\/2015\/08\/alana-liberman.jpg\" alt=\"\"\/>\n <\/a>\n <div class=\"member-social\">\n\t\n  <\/div>\n<\/div>\n<div class=\"member-content\">\n<div class=\"member-name\">\n<a >\nAlana Liberman\n<\/a>\n<\/div>\t\n<div class=\"member-job\">\n\n <\/div>\n<div class=\"member-desc\">\nAlana occupe le poste de coordinatrice de fid\u00e9lisation de donneurs chez The Living City Foundation o\u00f9 elle se sert des connaissances du programme de Gestion de collecte de fonds et de b\u00e9n\u00e9voles qu\u2019elle a fait \u00e0 Humber College. Elle cumule plus de 5 ans d\u2019exp\u00e9rience en collecte de fonds au Canada et en Australie, o\u00f9 elle a travaill\u00e9 dans un grand organisme caritatif avant de retourner au Canada en 2013. Alana est devenue passionn\u00e9e du secteur \u00e0 but non-lucratif au cours de son engagement chez Reena Foundation \u2013 un organisme \u00e0 but non-lucratif qui fournit des services aux enfants, aux adultes, et aux personnes \u00e2g\u00e9es ayant des d\u00e9ficiences d\u00e9veloppementales.\n<\/div>\n<div class=\"member-email\">\n\n<\/div>\n<div class=\"member-web\">\n\n<\/div>\n<div class=\"member-phone\">\n\n<\/div>\n<div class=\"member-location\">\n\n<\/div>\n<div class=\"member-skills-wrapper\">\n    \n<\/div>\n<\/div>\n<\/li><li style='width: calc(25% - 1px)'>\n<div class=\"team-member\">\n<div class=\"member-img\">\n <a >\n <img decoding=\"async\" title=\"Hope Lovell\" src=\"https:\/\/afpinclusivegiving.ca\/wp-content\/uploads\/2015\/08\/hope-lovell.jpg\" alt=\"\"\/>\n <\/a>\n <div class=\"member-social\">\n\t\n  <\/div>\n<\/div>\n<div class=\"member-content\">\n<div class=\"member-name\">\n<a >\nHope Lovell\n<\/a>\n<\/div>\t\n<div class=\"member-job\">\n\n <\/div>\n<div class=\"member-desc\">\nHope Lovell est coordinatrice des b\u00e9n\u00e9voles et assistante au d\u00e9veloppement chez Downtown Mission de Windsor. Au cours des deux ans de son engagement avec la Mission, Hope a pu constater la fa\u00e7on dont cet organisme arrive \u00e0 changer la situation des personnes marginalis\u00e9es de sa communaut\u00e9, en satisfaisant leurs besoins \u00e9l\u00e9mentaires, de m\u00eame que fournissant un sentiment d\u2019appartenance et de d\u00e9termination. Les derniers deux ans ont \u00e9t\u00e9 un tourbillon d\u2019activit\u00e9s de collecte de fonds et de perfectionnement des b\u00e9n\u00e9voles. Hope est enthousiaste \u00e0 l\u2019id\u00e9e d\u2019approfondir ses connaissances du secteur de collecte de fonds gr\u00e2ce au programme de d\u00e9veloppement, et de mettre ces comp\u00e9tences au service de la Mission.\n<\/div>\n<div class=\"member-email\">\n\n<\/div>\n<div class=\"member-web\">\n\n<\/div>\n<div class=\"member-phone\">\n\n<\/div>\n<div class=\"member-location\">\n\n<\/div>\n<div class=\"member-skills-wrapper\">\n    \n<\/div>\n<\/div>\n<\/li><li style='width: calc(25% - 1px)'>\n<div class=\"team-member\">\n<div class=\"member-img\">\n <a >\n <img decoding=\"async\" title=\"Lucia Ly\" src=\"https:\/\/afpinclusivegiving.ca\/wp-content\/uploads\/2015\/08\/lucia-ly.jpg\" alt=\"\"\/>\n <\/a>\n <div class=\"member-social\">\n\t\n  <\/div>\n<\/div>\n<div class=\"member-content\">\n<div class=\"member-name\">\n<a >\nLucia Ly\n<\/a>\n<\/div>\t\n<div class=\"member-job\">\n\n <\/div>\n<div class=\"member-desc\">\nLucia cumule une exp\u00e9rience de plus de 7 ans dans le secteur \u00e0 but non-lucratif, et son exp\u00e9rience s\u2019\u00e9tend des programmes de subvention gouvernementaux \u00e0 la gestion d\u2019une petite organisation communautaire, en passant par les grands organismes de l\u2019art de la sc\u00e8ne. Pr\u00e9sentement, Lucia occupe le poste d\u2019agente de d\u00e9veloppement du financement chez Sandgate Women\u2019s Shelter, une organisation qui travaille selon une perspective f\u00e9ministe, intersectionnelle, anti-raciste\/anti-oppressive. Lucia adore voyager et se sent compl\u00e8tement \u00e0 l\u2019aise lorqu\u2019elle est totalement perdue dans une culture diff\u00e9rente, d\u00e9couvrant ce que le monde peut lui enseigner. Elle est heureuse de faire partie du Programme de perfectionnement en inclusion et en philanthropie et a h\u00e2te de profiter des connaissances de ses pairs et de ses mentors !\n<\/div>\n<div class=\"member-email\">\n\n<\/div>\n<div class=\"member-web\">\n\n<\/div>\n<div class=\"member-phone\">\n\n<\/div>\n<div class=\"member-location\">\n\n<\/div>\n<div class=\"member-skills-wrapper\">\n    \n<\/div>\n<\/div>\n<\/li><li style='width: calc(25% - 1px)'>\n<div class=\"team-member\">\n<div class=\"member-img\">\n <a >\n <img decoding=\"async\" title=\"Sarah Midanik\" src=\"https:\/\/afpinclusivegiving.ca\/wp-content\/uploads\/2015\/08\/sarah-midanik.jpg\" alt=\"\"\/>\n <\/a>\n <div class=\"member-social\">\n\t\n  <\/div>\n<\/div>\n<div class=\"member-content\">\n<div class=\"member-name\">\n<a >\nSarah Midanik\n<\/a>\n<\/div>\t\n<div class=\"member-job\">\n\n <\/div>\n<div class=\"member-desc\">\nSarah Midanik est une professionnelle M\u00e9tis qui cherche \u00e0 renforcer les comp\u00e9tences au sein des communaut\u00e9s. Sarah travaille chez Indspire, un organisme caritatif national qui vise \u00e0 renforcer le rendement scolaire des \u00e9l\u00e8ves des Premi\u00e8res Nations, M\u00e9tis, et Inuit. En tant que professionnelle en communication et en d\u00e9veloppement, Sarah est charg\u00e9e de tous les \u00e9v\u00e8nements et les initiatives concernant les parties prenantes au niveau national chez Indspire. Elle a aussi \u00e9t\u00e9 responsable de la gestion d\u2019un programme de mentorat national pour des \u00e9tudiants Autochtones de niveau postsecondaire. De plus, Sarah est une b\u00e9n\u00e9vole engag\u00e9e au sein de la communaut\u00e9 Autochtone \u2013 elle si\u00e8ge au Founding Council of Young Indigenous Professionals, et est mentor du programme Inclusion Works au sein de l\u2019Aboriginal Human Resource Council.\n<\/div>\n<div class=\"member-email\">\n\n<\/div>\n<div class=\"member-web\">\n\n<\/div>\n<div class=\"member-phone\">\n\n<\/div>\n<div class=\"member-location\">\n\n<\/div>\n<div class=\"member-skills-wrapper\">\n    \n<\/div>\n<\/div>\n<\/li><li style='width: calc(25% - 1px)'>\n<div class=\"team-member\">\n<div class=\"member-img\">\n <a >\n <img decoding=\"async\" title=\"Lorena Mu\u00f1oz\" src=\"https:\/\/afpinclusivegiving.ca\/wp-content\/uploads\/2015\/08\/lorena-munoz.jpg\" alt=\"\"\/>\n <\/a>\n <div class=\"member-social\">\n\t<a href=\"http:\/\/ca.linkedin.com\/in\/lorenamm\/\" class=\"linkedin\" target=\"_blank\"><i class=\"icont-linkedin\"><\/i><\/a>\n  <\/div>\n<\/div>\n<div class=\"member-content\">\n<div class=\"member-name\">\n<a >\nLorena Mu\u00f1oz\n<\/a>\n<\/div>\t\n<div class=\"member-job\">\n\n <\/div>\n<div class=\"member-desc\">\nLorena Mu\u00f1oz est responsable du d\u00e9veloppement et des relations avec les donneurs au sein de la Fondation canadienne du cancer chez l\u2019enfant, o\u00f9 elle se sert de ses comp\u00e9tences vari\u00e9es en mati\u00e8re de collecte de fonds. Elle est dipl\u00f4m\u00e9e en Gestion de collecte de fonds (Humber Institute of Technology) et a effectu\u00e9 son stage avec l\u2019\u00e9quipe du partenariat commercial d\u2019Habitat pour l\u2019humanit\u00e9 Canada. Lorena s\u2019int\u00e9resse en particulier \u00e0 la mise en place des initiatives de d\u00e9veloppement strat\u00e9gique et croit fortement que, si on veut r\u00e9ussir, il faut essayer. Elle habite \u00e0 Toronto et est d\u00e9cid\u00e9e \u00e0 percer les secrets afin d\u2019arriver \u00e0 \u00eatre une grande conteuse. Elle d\u00e9tient une ma\u00eetrise en d\u00e9veloppement international et gestion des ONG. Vous pouvez la retrouver \u00e0 <a href=\"http:\/\/ca.linkedin.com\/in\/lorenamm\/\">ca.linkedin.com\/in\/lorenamm\/<\/a>\n<\/div>\n<div class=\"member-email\">\n\n<\/div>\n<div class=\"member-web\">\n\n<\/div>\n<div class=\"member-phone\">\n\n<\/div>\n<div class=\"member-location\">\n\n<\/div>\n<div class=\"member-skills-wrapper\">\n    \n<\/div>\n<\/div>\n<\/li><li style='width: calc(25% - 1px)'>\n<div class=\"team-member\">\n<div class=\"member-img\">\n <a >\n <img decoding=\"async\" title=\"Irshad Osman\" src=\"https:\/\/afpinclusivegiving.ca\/wp-content\/uploads\/2015\/08\/irshad-osman.jpg\" alt=\"\"\/>\n <\/a>\n <div class=\"member-social\">\n\t\n  <\/div>\n<\/div>\n<div class=\"member-content\">\n<div class=\"member-name\">\n<a >\nIrshad Osman\n<\/a>\n<\/div>\t\n<div class=\"member-job\">\n\n <\/div>\n<div class=\"member-desc\">\nIrshad Osman est un professionnel du secteur \u00e0 but non-lucratif avec une vaste exp\u00e9rience en collecte de fonds aupr\u00e8s d\u2019entreprises, en gestion des projets, en cr\u00e9ation de liens, et en activit\u00e9s interconfessionnelles. Pr\u00e9sentement, il est directeur du d\u00e9veloppement au sein de Silent Voice Canada, un organisme social qui sert la communaut\u00e9 sourde du Grand Toronto. Irshad Osman est un b\u00e9n\u00e9vole engag\u00e9 dans plusieurs organismes de Toronto. Il est directeur des relations interconfessionnelles chez Cordoba Centre for Civic Engagement and Leadership, et si\u00e8ge au comit\u00e9 de direction d\u2019Interfaith Social Assitance Reform Coalition et de Toronto Area Interfaith Council \u2013 des coalitions de Toronto pour agir contre la pauvret\u00e9. Aussi, il est souvent invit\u00e9 \u00e0 titre de conf\u00e9rencier chez divers institutions qui cherchent \u00e0 renforcer les relations entre communaut\u00e9s, la coexistence, et le civisme actif. Avant de se joindre \u00e0 Silent Voice Canada, Irshad Osman occupait le poste de chef de d\u00e9veloppement de ressources chez Centraide Toronto, o\u00f9 il g\u00e9rait un portefeuille de participation d\u2019une valeur de plus de 3,5 millions de dollars. Il d\u00e9tient un dipl\u00f4me d\u2019\u00e9tudes sup\u00e9rieures en politiques gouvernementales et gestion de l\u2019Universit\u00e9 de Manchester, Royaume-Uni et a fait des \u00e9tudes de premier cycle en \u00e9tudes arabes et islamiques \u00e0 l\u2019Universit\u00e9 de Leiden, Hollande, et \u00e0 Naleemiah International University, Sri Lanka.\n<\/div>\n<div class=\"member-email\">\n\n<\/div>\n<div class=\"member-web\">\n\n<\/div>\n<div class=\"member-phone\">\n\n<\/div>\n<div class=\"member-location\">\n\n<\/div>\n<div class=\"member-skills-wrapper\">\n    \n<\/div>\n<\/div>\n<\/li><li style='width: calc(25% - 1px)'>\n<div class=\"team-member\">\n<div class=\"member-img\">\n <a >\n <img decoding=\"async\" title=\"Alisha Pawa\" src=\"https:\/\/afpinclusivegiving.ca\/wp-content\/uploads\/2015\/08\/alisha-pawa.jpg\" alt=\"\"\/>\n <\/a>\n <div class=\"member-social\">\n\t\n  <\/div>\n<\/div>\n<div class=\"member-content\">\n<div class=\"member-name\">\n<a >\nAlisha Pawa\n<\/a>\n<\/div>\t\n<div class=\"member-job\">\n\n <\/div>\n<div class=\"member-desc\">\nJe travaille chez Trillium Health Partners Foundation en tant que coordinatrice au d\u00e9veloppement, au sein de l\u2019\u00e9quipe d\u2019Incitatives communautaires. J\u2019ai plus de 5 ans d\u2019exp\u00e9rience dans le secteur de collecte de fonds, et il fait 2 ans que je participe aux activit\u00e9s de l\u2019AFP. Je fais partie du comit\u00e9 des activit\u00e9s de Young Leaders Council de Centraide Peel. Ce comit\u00e9 pr\u00e9pare des activit\u00e9s communautaires afin de mieux comprendre les enjeux v\u00e9cus par les jeunes, et les fa\u00e7ons de renforcer le leadership chez les jeunes. En outre, je fais partie du comit\u00e9 d\u2019\u00e9ducation de l\u2019AFP R\u00e9gion de Peel pour aider dans l\u2019organisation des ateliers pour le perfectionnement professionnel, des webinaires et des \u00e9v\u00e9nements de r\u00e9seautage. Pendant mon temps libre, j\u2019aime me promener dans des endroits qui me sont encore inconnus.\n<\/div>\n<div class=\"member-email\">\n\n<\/div>\n<div class=\"member-web\">\n\n<\/div>\n<div class=\"member-phone\">\n\n<\/div>\n<div class=\"member-location\">\n\n<\/div>\n<div class=\"member-skills-wrapper\">\n    \n<\/div>\n<\/div>\n<\/li><li style='width: calc(25% - 1px)'>\n<div class=\"team-member\">\n<div class=\"member-img\">\n <a >\n <img decoding=\"async\" title=\"Mohit Pramanik\" src=\"https:\/\/afpinclusivegiving.ca\/wp-content\/uploads\/2015\/08\/mohit-pramanik.jpg\" alt=\"\"\/>\n <\/a>\n <div class=\"member-social\">\n\t\n  <\/div>\n<\/div>\n<div class=\"member-content\">\n<div class=\"member-name\">\n<a >\nMohit Pramanik\n<\/a>\n<\/div>\t\n<div class=\"member-job\">\n\n <\/div>\n<div class=\"member-desc\">\nMohit Pramanik est un professionnel en d\u00e9veloppement international avec une vaste exp\u00e9rience en sant\u00e9 des m\u00e8res, des nouveau-n\u00e9s et des enfants. Mohit a travaill\u00e9 sur le terrain \u00e0 Gen\u00e8ve et en Afrique subsaharienne et travaille pr\u00e9sentement chez Aide \u00e0 l\u2019enfance Canada, une ONG internationale, o\u00f9 il supervise les partenariats que l\u2019organisme a \u00e9tabli avec les Canadiens. Dans ce poste, Mohit fournit des possibilit\u00e9s aux Canadiens de r\u00e9aliser leur vision d\u2019un monde plus \u00e9quitable pour les enfants, les familles et les communaut\u00e9s les plus marginalis\u00e9es des pays en d\u00e9veloppement. Mohit d\u00e9tient un baccalaur\u00e9at en sciences avec distinction de l\u2019Universit\u00e9 McGill et une ma\u00eetrise en syst\u00e8mes internationaux de sant\u00e9 de Johns Hopkins University. \n<\/div>\n<div class=\"member-email\">\n\n<\/div>\n<div class=\"member-web\">\n\n<\/div>\n<div class=\"member-phone\">\n\n<\/div>\n<div class=\"member-location\">\n\n<\/div>\n<div class=\"member-skills-wrapper\">\n    \n<\/div>\n<\/div>\n<\/li><li style='width: calc(25% - 1px)'>\n<div class=\"team-member\">\n<div class=\"member-img\">\n <a >\n <img decoding=\"async\" title=\"Shehzad Qureshi\" src=\"https:\/\/afpinclusivegiving.ca\/wp-content\/uploads\/2015\/08\/shehzad-qureshi.jpg\" alt=\"\"\/>\n <\/a>\n <div class=\"member-social\">\n\t\n  <\/div>\n<\/div>\n<div class=\"member-content\">\n<div class=\"member-name\">\n<a >\nShehzad Qureshi\n<\/a>\n<\/div>\t\n<div class=\"member-job\">\n\n <\/div>\n<div class=\"member-desc\">\nShehzad est un passionn\u00e9 du secteur \u00e0 but non-lucratif et accorde une grande valeur \u00e0 la famille, les relations, la sant\u00e9 et la communaut\u00e9. Il est sp\u00e9cialiste en d\u00e9veloppement des partenariats commerciaux chez La Soci\u00e9t\u00e9 de l\u2019arthrite. Avant de se joindre au secteur \u00e0 but non-lucratif, Shehzad a travaill\u00e9 pendant plus de 20 ans dans le secteur des entreprises priv\u00e9es, en tant que g\u00e9nie, consultant en gestion, directeur de comptes commerciaux, et gestionnaire de projets. Shehzad est titulaire d\u2019un MBA de l\u2019Universit\u00e9 Wilfried Laurier et d\u2019un baccalaur\u00e9at en g\u00e9nie \u00e9lectrique de l\u2019Universit\u00e9 d\u2019Arizona. Ses loisirs comprennent le v\u00e9lo, la natation, et le ski.\n<\/div>\n<div class=\"member-email\">\n\n<\/div>\n<div class=\"member-web\">\n\n<\/div>\n<div class=\"member-phone\">\n\n<\/div>\n<div class=\"member-location\">\n\n<\/div>\n<div class=\"member-skills-wrapper\">\n    \n<\/div>\n<\/div>\n<\/li><li style='width: calc(25% - 1px)'>\n<div class=\"team-member\">\n<div class=\"member-img\">\n <a >\n <img decoding=\"async\" title=\"Angela Severight\" src=\"https:\/\/afpinclusivegiving.ca\/wp-content\/uploads\/2015\/08\/angela-severight.jpg\" alt=\"\"\/>\n <\/a>\n <div class=\"member-social\">\n\t\n  <\/div>\n<\/div>\n<div class=\"member-content\">\n<div class=\"member-name\">\n<a >\nAngela Severight\n<\/a>\n<\/div>\t\n<div class=\"member-job\">\n\n <\/div>\n<div class=\"member-desc\">\nAngela est membre de la Premi\u00e8re Nation Cote, SK. Elle est titulaire d\u2019un baccalaur\u00e9at en administration et travaille dans le secteur \u00e0 but non-lucratif et en collecte de fonds depuis 6 ans. Ella a aussi une exp\u00e9rience de 15 ans en administration. Avant de s\u2019impliquer aupr\u00e8s d\u2019Inspire en tant qu\u2019assistante en d\u00e9veloppement, elle a travaill\u00e9 au sein d\u2019une ONG pendant 3,5 ans \u00e0 Winnipeg. Pr\u00e9sentement, elle aide avec les campagnes des donneurs individuels et les campagnes de contributions gouvernementales de contrepartie et assiste aussi le vice-pr\u00e9sident au d\u00e9veloppement. Angela se sent \u00e0 l\u2019aise dans le secteur de collecte de fonds et aime profiter des opportunit\u00e9s afin d\u2019approfondir ses comp\u00e9tences dans ce domaine.\n<\/div>\n<div class=\"member-email\">\n\n<\/div>\n<div class=\"member-web\">\n\n<\/div>\n<div class=\"member-phone\">\n\n<\/div>\n<div class=\"member-location\">\n\n<\/div>\n<div class=\"member-skills-wrapper\">\n    \n<\/div>\n<\/div>\n<\/li><li style='width: calc(25% - 1px)'>\n<div class=\"team-member\">\n<div class=\"member-img\">\n <a >\n <img decoding=\"async\" title=\"Dolly Singh\" src=\"https:\/\/afpinclusivegiving.ca\/wp-content\/uploads\/2015\/08\/dolly-singh.jpg\" alt=\"\"\/>\n <\/a>\n <div class=\"member-social\">\n\t\n  <\/div>\n<\/div>\n<div class=\"member-content\">\n<div class=\"member-name\">\n<a >\nDolly Singh\n<\/a>\n<\/div>\t\n<div class=\"member-job\">\n\n <\/div>\n<div class=\"member-desc\">\nDolly Singh est gestionnaire principale de d\u00e9veloppement chez William Osler Health System Foundation. Depuis les derniers 8 ans, elle appuie le red\u00e9veloppement du Peel Memorial Centre for Integrated Health and Wellness de l\u2019h\u00f4pital Etobicoke General, de m\u00eame que les besoins d\u2019\u00e9quipement \u00e0 Brampton Civic Hospital. Elle est d\u00e9termin\u00e9e et engag\u00e9e \u00e0 apporter des am\u00e9liorations \u00e0 sa communaut\u00e9 \u00e0 travers la philanthropie. Dolly est heureuse de faire partie du Programme de perfectionnement en inclusion et en philanthropie de l\u2019AFP, et s\u2019est jointe derni\u00e8rement au comit\u00e9 d\u2019\u00e9ducation de l\u2019AFP R\u00e9gion de Peel.\n<\/div>\n<div class=\"member-email\">\n\n<\/div>\n<div class=\"member-web\">\n\n<\/div>\n<div class=\"member-phone\">\n\n<\/div>\n<div class=\"member-location\">\n\n<\/div>\n<div class=\"member-skills-wrapper\">\n    \n<\/div>\n<\/div>\n<\/li><li style='width: calc(25% - 1px)'>\n<div class=\"team-member\">\n<div class=\"member-img\">\n <a >\n <img decoding=\"async\" title=\"Winsome Smith\" src=\"https:\/\/afpinclusivegiving.ca\/wp-content\/uploads\/2015\/08\/winsome-smith.jpg\" alt=\"\"\/>\n <\/a>\n <div class=\"member-social\">\n\t\n  <\/div>\n<\/div>\n<div class=\"member-content\">\n<div class=\"member-name\">\n<a >\nWinsome Smith\n<\/a>\n<\/div>\t\n<div class=\"member-job\">\n\n <\/div>\n<div class=\"member-desc\">\nWinsome Smith est une communicatrice et n\u00e9gociatrice chevronn\u00e9e avec plus de 15 ans d\u2019exp\u00e9rience dans les secteurs publique et \u00e0 but non-lucratif. Elle poss\u00e8de de fortes comp\u00e9tences analytiques, et en r\u00e9solution de probl\u00e8mes et des conflits. Winsome a travaill\u00e9 \u00e9norm\u00e9ment en Jama\u00efque et a recueilli plus de 500.000$ pour aider les enfants s\u00e9ropositifs et ceux qui ont besoin d\u2019attention et protection. Pr\u00e9sentement elle est pr\u00e9sidente b\u00e9n\u00e9vole chez New Hope Community Church, Toronto, et travaille avec une \u00e9quipe pour envoyer chaque ann\u00e9e des travailleurs b\u00e9n\u00e9voles en Ha\u00efti. Winsome d\u00e9tient une ma\u00eetrise en \u00e9ducation de l\u2019Universit\u00e9 Mount Saint Vincent, un certificat en administration publique de Ryerson University et un baccalaur\u00e9at en orientation et conseil.\n<\/div>\n<div class=\"member-email\">\n\n<\/div>\n<div class=\"member-web\">\n\n<\/div>\n<div class=\"member-phone\">\n\n<\/div>\n<div class=\"member-location\">\n\n<\/div>\n<div class=\"member-skills-wrapper\">\n    \n<\/div>\n<\/div>\n<\/li><li style='width: calc(25% - 1px)'>\n<div class=\"team-member\">\n<div class=\"member-img\">\n <a >\n <img decoding=\"async\" title=\"Muneeb Syed\" src=\"https:\/\/afpinclusivegiving.ca\/wp-content\/uploads\/2015\/08\/syed-muneeb.jpg\" alt=\"\"\/>\n <\/a>\n <div class=\"member-social\">\n\t<a href=\"https:\/\/twitter.com\/msyed\" class=\"twitter\" target=\"_blank\"><i class=\"icont-twitter-2\"><\/i><\/a><a href=\"http:\/\/ca.linkedin.com\/in\/muneebsyed\" class=\"linkedin\" target=\"_blank\"><i class=\"icont-linkedin\"><\/i><\/a>\n  <\/div>\n<\/div>\n<div class=\"member-content\">\n<div class=\"member-name\">\n<a >\nMuneeb Syed\n<\/a>\n<\/div>\t\n<div class=\"member-job\">\n\n <\/div>\n<div class=\"member-desc\">\nMuneeb Syed cumule plus de dix ans d\u2019exp\u00e9rience en collecte de fonds et dans le secteur \u00e0 but non-lucratif. Pr\u00e9sentement, il est directeur associ\u00e9 en d\u00e9veloppement pour le programme University-Wide Initiatives au sein de Ryerson University o\u00f9 il est charg\u00e9 de promouvoir les priorit\u00e9s de d\u00e9veloppement de l\u2019universit\u00e9. Auparavant, il travaillait chez UNICEF Canada, Community Living, TakingITGlobal et Georgian College. Pr\u00e9sentement il est b\u00e9n\u00e9vole au sein du Canadian Arab Institute. Il a aussi fait partie d\u2019autres initiatives telles que Toronto Region Immigrant Employment Council, Youth Assisting Youth, Toronto Youth Cabinet, Peel Multicultural Council et Maytree Foundation. Muneeb est titulaire d\u2019un baccalaur\u00e9at en administration des politiques publiques, et en marketing \u00e0 l\u2019Universit\u00e9 York. Vous pouvez le retrouver \u00e0 : <a href=\"http:\/\/ca.linkedin.com\/in\/muneebsyed\">ca.linkedin.com\/in\/muneebsyed<\/a> et <a href=\"https:\/\/twitter.com\/msyed\">@msyed<\/a>.\n<\/div>\n<div class=\"member-email\">\n\n<\/div>\n<div class=\"member-web\">\n\n<\/div>\n<div class=\"member-phone\">\n\n<\/div>\n<div class=\"member-location\">\n\n<\/div>\n<div class=\"member-skills-wrapper\">\n    \n<\/div>\n<\/div>\n<\/li><li style='width: calc(25% - 1px)'>\n<div class=\"team-member\">\n<div class=\"member-img\">\n <a >\n <img decoding=\"async\" title=\"Jacqui Terry\" src=\"https:\/\/afpinclusivegiving.ca\/wp-content\/uploads\/2015\/08\/jacqui-terry.jpg\" alt=\"\"\/>\n <\/a>\n <div class=\"member-social\">\n\t\n  <\/div>\n<\/div>\n<div class=\"member-content\">\n<div class=\"member-name\">\n<a >\nJacqui Terry\n<\/a>\n<\/div>\t\n<div class=\"member-job\">\n\n <\/div>\n<div class=\"member-desc\">\nJ\u2019ai travaill\u00e9 dans le secteur \u00e0 but non-lucratif en design, en communication et en collecte de fonds pendant la plupart de ma carri\u00e8re, au Canada et au Zimbabwe, mon pays natal. Pr\u00e9sentement, j\u2019\u00e9prouve une grande satisfaction \u00e0 remplir mon r\u00f4le en d\u00e9veloppement des ressources chez Mennonite Coalition for Refugee Support de Kitchener-Waterloo. Il existe un proverbe africain : \u00ab Si tu veux aller vite, marche seul ; mais si tu veux aller loin, alors marchons ensemble \u00bb. Les partenariats et la communaut\u00e9 sont des ressources puissantes mais fortement  sous-utilis\u00e9es, et j\u2019ai h\u00e2te d\u2019aider \u00e0 renforcer les deux \u00e0 travers ma participation chez l\u2019AFP.\n<\/div>\n<div class=\"member-email\">\n\n<\/div>\n<div class=\"member-web\">\n\n<\/div>\n<div class=\"member-phone\">\n\n<\/div>\n<div class=\"member-location\">\n\n<\/div>\n<div class=\"member-skills-wrapper\">\n    \n<\/div>\n<\/div>\n<\/li><li style='width: calc(25% - 1px)'>\n<div class=\"team-member\">\n<div class=\"member-img\">\n <a >\n <img decoding=\"async\" title=\"Andrea Thompson\" src=\"https:\/\/afpinclusivegiving.ca\/wp-content\/uploads\/2015\/08\/andrea-thompson1.jpg\" alt=\"\"\/>\n <\/a>\n <div class=\"member-social\">\n\t\n  <\/div>\n<\/div>\n<div class=\"member-content\">\n<div class=\"member-name\">\n<a >\nAndrea Thompson\n<\/a>\n<\/div>\t\n<div class=\"member-job\">\n\n <\/div>\n<div class=\"member-desc\">\nAndrea Thompson est une professionnelle en collecte de fonds qui travaille chez la Soci\u00e9t\u00e9 canadienne du cancer depuis 3 ans. En tant que gestionnaire de l\u2019engagement aupr\u00e8s des entreprises au bureau national elle offre leadership en gestion des programmes pour le marketing des causes sp\u00e9cifiques, et pour les partenariats en activit\u00e9s de collecte de fonds ind\u00e9pendants. En outre, elle supervise les services aux donneurs. Elle est passionn\u00e9e en particulier de tout ce qui concerne la gestion ou se rapporte aux bases de donn\u00e9es dans son travail. Elle fait partie de l\u2019AFP section Toronto.\n<\/div>\n<div class=\"member-email\">\n\n<\/div>\n<div class=\"member-web\">\n\n<\/div>\n<div class=\"member-phone\">\n\n<\/div>\n<div class=\"member-location\">\n\n<\/div>\n<div class=\"member-skills-wrapper\">\n    \n<\/div>\n<\/div>\n<\/li><li style='width: calc(25% - 1px)'>\n<div class=\"team-member\">\n<div class=\"member-img\">\n <a >\n <img decoding=\"async\" title=\"Uma Venkataramaiah\" src=\"https:\/\/afpinclusivegiving.ca\/wp-content\/uploads\/2015\/08\/uma-venkataramaiah.jpg\" alt=\"\"\/>\n <\/a>\n <div class=\"member-social\">\n\t\n  <\/div>\n<\/div>\n<div class=\"member-content\">\n<div class=\"member-name\">\n<a >\nUma Venkataramaiah\n<\/a>\n<\/div>\t\n<div class=\"member-job\">\n\n <\/div>\n<div class=\"member-desc\">\nUma est une passionn\u00e9e de l\u2019innovation sociale, et s\u2019engage \u00e0 am\u00e9liorer la situation de sa communaut\u00e9. Au sein de Boston Consulting Group, elle a pris un r\u00f4le de leadership au sein des programmes sociaux et de marketing, favorisant un impact positif pour la communaut\u00e9 ainsi que pour le secteur financier. Chez CIBC, Uma a g\u00e9r\u00e9 une campagne nationale de Centraide pour les employ\u00e9s, d\u2019une valeur de 8,5 millions de dollars, et un programme national de bourses pour la jeunesse avec Grands Fr\u00e8res Grandes S\u0153urs et YMCA. Elle aime aussi s\u2019engager directement avec les communaut\u00e9s, et a dirig\u00e9 le programme GenNext de Centraide Toronto afin d\u2019engager la nouvelle g\u00e9n\u00e9ration de leaders. Uma d\u00e9tient un MBA de Richard Ivey School of Business et a \u00e9t\u00e9 laur\u00e9ate du prix en d\u00e9veloppement communautaire Ivey Global Emerging Leader 2010. Uma est heureuse de faire partie du Programme de perfectionnement professionnel 2015 de l\u2019AFP.\n<\/div>\n<div class=\"member-email\">\n\n<\/div>\n<div class=\"member-web\">\n\n<\/div>\n<div class=\"member-phone\">\n\n<\/div>\n<div class=\"member-location\">\n\n<\/div>\n<div class=\"member-skills-wrapper\">\n    \n<\/div>\n<\/div>\n<\/li><div class='clear'><\/div><\/ul><\/div><script>\n\tjQuery('.team-member').find('.fill').css('width','0%');\n\t\t\n\tjQuery(window).bind('load', function(){\t\n       jQuery('.team-member').each(function() {\t\n\t\tjQuery(this).find('.fill').each(function() {\n\t\t\t\tvar k = 0, f = jQuery(this), p = f.attr('data-progress-animation'), w = f.width();\t\t\n\t\t\t\tif (w == 0) {\n\t\t\t\t\tp = p.substring(0, p.length - 1);\n\t\t\t\t\tvar go = function() {\n\t\t\t\t\t\treturn k >= p || k>= 100 ?( false ) : ( k += 1, f.css('width', k + '%'), setTimeout(go, 1) )\n\t\t\t\t\t\t};\n\t\t\t\t\tgo();\n\t\t\t\t}\n\t\t\t});\n\t\t});\n\t});\n        <\/script><\/div><\/div><\/div>[\/vc_column][\/vc_row]<\/p>\n<\/div>","protected":false},"excerpt":{"rendered":"<p>[vc_row][vc_column][\/vc_column][\/vc_row]<\/p>\n","protected":false},"author":1,"featured_media":0,"parent":94,"menu_order":0,"comment_status":"closed","ping_status":"closed","template":"","meta":{"footnotes":"","_expiration-date-status":"saved","_expiration-date":0,"_expiration-date-type":"","_expiration-date-categories":[],"_expiration-date-options":[]},"class_list":["post-1542","page","type-page","status-publish","hentry"],"acf":[],"yoast_head":"<!-- This site is optimized with the Yoast SEO plugin v20.2.1 - https:\/\/yoast.com\/wordpress\/plugins\/seo\/ -->\n<title>Boursier(e)s 2015 - PROGRAMME DE BOURSES EN INCLUSION ET PHILANTHROPIE<\/title>\n<meta name=\"robots\" content=\"index, follow, max-snippet:-1, max-image-preview:large, max-video-preview:-1\" \/>\n<link rel=\"canonical\" href=\"https:\/\/afpinclusivegiving.ca\/fr\/a-propos\/boursieres-2015\/\" \/>\n<meta property=\"og:locale\" content=\"fr_FR\" \/>\n<meta property=\"og:type\" content=\"article\" \/>\n<meta property=\"og:title\" content=\"Boursier(e)s 2015 - PROGRAMME DE BOURSES EN INCLUSION ET PHILANTHROPIE\" \/>\n<meta property=\"og:description\" content=\"[vc_row][vc_column][\/vc_column][\/vc_row]\" \/>\n<meta property=\"og:url\" content=\"https:\/\/afpinclusivegiving.ca\/fr\/a-propos\/boursieres-2015\/\" \/>\n<meta property=\"og:site_name\" content=\"PROGRAMME DE BOURSES EN INCLUSION ET PHILANTHROPIE\" \/>\n<meta property=\"article:modified_time\" content=\"2018-05-31T12:33:11+00:00\" \/>\n<script type=\"application\/ld+json\" class=\"yoast-schema-graph\">{\"@context\":\"https:\/\/schema.org\",\"@graph\":[{\"@type\":\"WebPage\",\"@id\":\"https:\/\/afpinclusivegiving.ca\/fr\/a-propos\/boursieres-2015\/\",\"url\":\"https:\/\/afpinclusivegiving.ca\/fr\/a-propos\/boursieres-2015\/\",\"name\":\"Boursier(e)s 2015 - PROGRAMME DE BOURSES EN INCLUSION ET PHILANTHROPIE\",\"isPartOf\":{\"@id\":\"https:\/\/afpinclusivegiving.ca\/fr\/#website\"},\"datePublished\":\"2018-05-31T12:31:41+00:00\",\"dateModified\":\"2018-05-31T12:33:11+00:00\",\"breadcrumb\":{\"@id\":\"https:\/\/afpinclusivegiving.ca\/fr\/a-propos\/boursieres-2015\/#breadcrumb\"},\"inLanguage\":\"fr-FR\",\"potentialAction\":[{\"@type\":\"ReadAction\",\"target\":[\"https:\/\/afpinclusivegiving.ca\/fr\/a-propos\/boursieres-2015\/\"]}]},{\"@type\":\"BreadcrumbList\",\"@id\":\"https:\/\/afpinclusivegiving.ca\/fr\/a-propos\/boursieres-2015\/#breadcrumb\",\"itemListElement\":[{\"@type\":\"ListItem\",\"position\":1,\"name\":\"Home\",\"item\":\"https:\/\/afpinclusivegiving.ca\/fr\/\"},{\"@type\":\"ListItem\",\"position\":2,\"name\":\"\u00c0 propos\",\"item\":\"https:\/\/afpinclusivegiving.ca\/fr\/a-propos\/\"},{\"@type\":\"ListItem\",\"position\":3,\"name\":\"Boursier(e)s 2015\"}]},{\"@type\":\"WebSite\",\"@id\":\"https:\/\/afpinclusivegiving.ca\/fr\/#website\",\"url\":\"https:\/\/afpinclusivegiving.ca\/fr\/\",\"name\":\"PROGRAMME DE BOURSES EN INCLUSION ET PHILANTHROPIE\",\"description\":\"\",\"potentialAction\":[{\"@type\":\"SearchAction\",\"target\":{\"@type\":\"EntryPoint\",\"urlTemplate\":\"https:\/\/afpinclusivegiving.ca\/fr\/?s={search_term_string}\"},\"query-input\":\"required name=search_term_string\"}],\"inLanguage\":\"fr-FR\"}]}<\/script>\n<!-- \/ Yoast SEO plugin. -->","yoast_head_json":{"title":"Boursier(e)s 2015 - PROGRAMME DE BOURSES EN INCLUSION ET PHILANTHROPIE","robots":{"index":"index","follow":"follow","max-snippet":"max-snippet:-1","max-image-preview":"max-image-preview:large","max-video-preview":"max-video-preview:-1"},"canonical":"https:\/\/afpinclusivegiving.ca\/fr\/a-propos\/boursieres-2015\/","og_locale":"fr_FR","og_type":"article","og_title":"Boursier(e)s 2015 - PROGRAMME DE BOURSES EN INCLUSION ET PHILANTHROPIE","og_description":"[vc_row][vc_column][\/vc_column][\/vc_row]","og_url":"https:\/\/afpinclusivegiving.ca\/fr\/a-propos\/boursieres-2015\/","og_site_name":"PROGRAMME DE BOURSES EN INCLUSION ET PHILANTHROPIE","article_modified_time":"2018-05-31T12:33:11+00:00","schema":{"@context":"https:\/\/schema.org","@graph":[{"@type":"WebPage","@id":"https:\/\/afpinclusivegiving.ca\/fr\/a-propos\/boursieres-2015\/","url":"https:\/\/afpinclusivegiving.ca\/fr\/a-propos\/boursieres-2015\/","name":"Boursier(e)s 2015 - PROGRAMME DE BOURSES EN INCLUSION ET PHILANTHROPIE","isPartOf":{"@id":"https:\/\/afpinclusivegiving.ca\/fr\/#website"},"datePublished":"2018-05-31T12:31:41+00:00","dateModified":"2018-05-31T12:33:11+00:00","breadcrumb":{"@id":"https:\/\/afpinclusivegiving.ca\/fr\/a-propos\/boursieres-2015\/#breadcrumb"},"inLanguage":"fr-FR","potentialAction":[{"@type":"ReadAction","target":["https:\/\/afpinclusivegiving.ca\/fr\/a-propos\/boursieres-2015\/"]}]},{"@type":"BreadcrumbList","@id":"https:\/\/afpinclusivegiving.ca\/fr\/a-propos\/boursieres-2015\/#breadcrumb","itemListElement":[{"@type":"ListItem","position":1,"name":"Home","item":"https:\/\/afpinclusivegiving.ca\/fr\/"},{"@type":"ListItem","position":2,"name":"\u00c0 propos","item":"https:\/\/afpinclusivegiving.ca\/fr\/a-propos\/"},{"@type":"ListItem","position":3,"name":"Boursier(e)s 2015"}]},{"@type":"WebSite","@id":"https:\/\/afpinclusivegiving.ca\/fr\/#website","url":"https:\/\/afpinclusivegiving.ca\/fr\/","name":"PROGRAMME DE BOURSES EN INCLUSION ET PHILANTHROPIE","description":"","potentialAction":[{"@type":"SearchAction","target":{"@type":"EntryPoint","urlTemplate":"https:\/\/afpinclusivegiving.ca\/fr\/?s={search_term_string}"},"query-input":"required name=search_term_string"}],"inLanguage":"fr-FR"}]}},"_links":{"self":[{"href":"https:\/\/afpinclusivegiving.ca\/fr\/wp-json\/wp\/v2\/pages\/1542","targetHints":{"allow":["GET"]}}],"collection":[{"href":"https:\/\/afpinclusivegiving.ca\/fr\/wp-json\/wp\/v2\/pages"}],"about":[{"href":"https:\/\/afpinclusivegiving.ca\/fr\/wp-json\/wp\/v2\/types\/page"}],"author":[{"embeddable":true,"href":"https:\/\/afpinclusivegiving.ca\/fr\/wp-json\/wp\/v2\/users\/1"}],"replies":[{"embeddable":true,"href":"https:\/\/afpinclusivegiving.ca\/fr\/wp-json\/wp\/v2\/comments?post=1542"}],"version-history":[{"count":4,"href":"https:\/\/afpinclusivegiving.ca\/fr\/wp-json\/wp\/v2\/pages\/1542\/revisions"}],"predecessor-version":[{"id":1546,"href":"https:\/\/afpinclusivegiving.ca\/fr\/wp-json\/wp\/v2\/pages\/1542\/revisions\/1546"}],"up":[{"embeddable":true,"href":"https:\/\/afpinclusivegiving.ca\/fr\/wp-json\/wp\/v2\/pages\/94"}],"wp:attachment":[{"href":"https:\/\/afpinclusivegiving.ca\/fr\/wp-json\/wp\/v2\/media?parent=1542"}],"curies":[{"name":"wp","href":"https:\/\/api.w.org\/{rel}","templated":true}]}}